{"id":23,"date":"2024-10-23T16:56:50","date_gmt":"2024-10-23T16:56:50","guid":{"rendered":"https:\/\/www.diekommitmanns.de\/soul3\/?page_id=23"},"modified":"2025-12-30T10:15:18","modified_gmt":"2025-12-30T10:15:18","slug":"tour-archiv","status":"publish","type":"page","link":"https:\/\/www.diekommitmanns.de\/soul3\/tour-archiv\/","title":{"rendered":"Tour Archiv"},"content":{"rendered":"<div class=\"box\">\n<h4>So 30.10.2016 | Frankfurt<\/h4>\n<p><img decoding=\"async\" style=\"margin-left: 10px; border: 1px solid #d8e0f3; padding: 5px; width: 140px; float: right; height: 41px;\" src=\"http:\/\/www.diekommitmanns.de\/soul_1\/data\/uploads\/venues\/suedbahnhof-f_140.jpg\" alt=\"\" \/><a href=\"http:\/\/www.suedbahnhof.de\" target=\"_blank\" rel=\"noopener\">S\u00fcdbahnhof\u00a0<\/a><br \/>\nHedderichstrasse 51,<br \/>\nFrankfurt am Main<br \/>\n12:00 Uhr bis 15:30 Uhr, ? <a href=\"http:\/\/www.suedbahnhof.de\/booking\/\" target=\"_blank\" rel=\"noopener\">Tickets<\/a><\/p>\n<\/div>\n<div class=\"box\">\n<h4>So 18.12.2016 | Bochum<\/h4>\n<p><img decoding=\"async\" style=\"margin-left: 10px; border: 1px solid #d8e0f3; padding: 5px; float: right; height: 93px; width: 140px;\" src=\"http:\/\/www.diekommitmanns.de\/soul_1\/data\/uploads\/venues\/bahnhof_langendreer_800.jpg\" alt=\"\" \/><a href=\"http:\/\/bahnhof-langendreer.de\" target=\"_blank\" rel=\"noopener\">Bahnhof Langendreer<\/a><\/p>\n<p>&#8230; das traditionelle Konzert in Bochum<br \/>\nkurz vor Weihnachten!!<br \/>\nWallbaumweg 108<br \/>\n44894 Bochum<br \/>\nTel 0234 \/ 687 16 10<\/p>\n<\/div>\n<div class=\"box\">\n<h4>Sa 24.12.2016 | M\u00fcnster<\/h4>\n<p><img decoding=\"async\" style=\"margin-left: 10px; border: 1px solid #d8e0f3; padding: 5px; width: 140px; float: right; height: 76px;\" src=\"http:\/\/www.diekommitmanns.de\/soul_1\/data\/uploads\/venues\/logo-jovel.jpg\" alt=\"\" \/><a href=\"http:\/\/www.jovel.de\" target=\"_blank\" rel=\"noopener\">Jovel Music Hall<\/a><br \/>\n48155 M\u00fcnster,<br \/>\nAlbersloher Weg 54<br \/>\nab 24:00 Uhr<\/p>\n<\/div>\n<div class=\"box\">\n<p style=\"text-align: center;\"><span style=\"font-size: 24pt;\">2017<\/span><\/p>\n<\/div>\n<div class=\"box\">\n<h4><img decoding=\"async\" style=\"margin-left: 10px; border: 1px solid #aaa; padding: 3px; width: 30%; float: right;\" src=\"http:\/\/www.diekommitmanns.de\/soul_1\/data\/uploads\/venues\/lcb.gif\" alt=\"\" \/>Fr 20.01.2017 | Wuppertal<\/h4>\n<p>LCB | <a href=\"http:\/\/www.liveclub-barmen.de\" target=\"_blank\" rel=\"noopener\">Live Club Barmen<\/a><\/p>\n<p>Geschwister-Scholl-Platz 4-6<br \/>\n42269 Wuppertal<\/p>\n<p>ab 20:00 Uhr<\/p>\n<p>&nbsp;<\/p>\n<\/div>\n<div class=\"box\">\n<h4><img decoding=\"async\" style=\"margin-left: 10px; border: 1px solid #aaa; padding: 3px; float: right; width: 30%;\" src=\"http:\/\/www.diekommitmanns.de\/soul_1\/data\/uploads\/venues\/zweischlingen_140.jpg\" alt=\"\" \/>Sa 18.02.2017 | Bielefeld<\/h4>\n<p><a href=\"http:\/\/www.zweischlingen-gastro.de\" target=\"_blank\" rel=\"noopener\">Zweischlingen\u00a0<\/a><\/p>\n<p>Das traditionelle Konzert im angesagten<br \/>\nBielefelder Club, Quelle an der B 68<br \/>\nOsnabr\u00fccker Stra\u00dfe 200<br \/>\n33643 Bielefeld<br \/>\nFon 0521-4042059<\/p>\n<\/div>\n<div class=\"box\">\n<h4><img decoding=\"async\" style=\"margin-left: 10px; border: 1px solid #aaa; padding: 3px; width: 30%; float: right;\" src=\"http:\/\/www.diekommitmanns.de\/soul_1\/data\/uploads\/venues\/domicil_07.04.17.jpg\" alt=\"\" \/>Fr 07.04.2017 | Dortmund<\/h4>\n<p><a href=\"http:\/\/www.domicil-dortmund.de\" target=\"_blank\" rel=\"noopener\">domicil<\/a><br \/>\nGig zum 25 j\u00e4hrigem Bestehen der Band<br \/>\nmit vielen alten &#8222;Mitstreitern&#8220;<br \/>\nHansastr. 7-11<br \/>\n44137 Dortmund<\/p>\n<\/div>\n<div class=\"box\">\n<h4><img decoding=\"async\" style=\"margin-left: 10px; border: 1px solid #aaa; padding: 3px; width: 30%; float: right;\" src=\"http:\/\/www.diekommitmanns.de\/soul_1\/data\/uploads\/venues\/kleve-schwanenburg.jpg\" alt=\"\" \/>Sa 29.04.2017 | Kleve<\/h4>\n<p>Veranstaltungen zum<br \/>\nStadtjubil\u00e4um 775 Jahre<br \/>\n<em>Koekkoekplatz<\/em><br \/>\nKavariner Stra\u00dfe, 47533 Kleve<br \/>\n<a href=\"https:\/\/www.kleve.de\/de\/veranstaltungen\/eroeffnung-des-junilaeumswochenendes-775-jahre-stadt-kleve\/\" target=\"_blank\" rel=\"noopener\">Homepage<\/a><\/p>\n<\/div>\n<div class=\"box\">\n<h4><img decoding=\"async\" style=\"margin-left: 10px; border: 1px solid #aaa; padding: 3px; float: right; width: 30%;\" src=\"http:\/\/www.diekommitmanns.de\/soul_1\/data\/uploads\/venues\/zweischlingen_140.jpg\" alt=\"\" \/>So\u00a030.04.2017 | Bielefeld<\/h4>\n<p><a href=\"http:\/\/www.zweischlingen-gastro.de\" target=\"_blank\" rel=\"noopener\">Zweischlingen\u00a0<\/a><\/p>\n<p>Tanz in den Mai\u00a0im angesagten<br \/>\nBielefelder Club, Quelle an der B 68<br \/>\nOsnabr\u00fccker Stra\u00dfe 200<br \/>\n33643 Bielefeld<br \/>\nFon 0521-4042059<\/p>\n<\/div>\n<div class=\"box\">\n<h4><a id=\"fb\" href=\"http:\/\/www.diekommitmanns.de\/soul_1\/data\/uploads\/presse\/soul2017plakat.jpg\"><img decoding=\"async\" style=\"float: right; width: 30%; border: 1px solid #aaaaaa; padding: 3px;\" src=\"http:\/\/www.diekommitmanns.de\/soul_1\/data\/uploads\/presse\/soul2017plakat.jpg\" alt=\"\" \/><\/a>Fr 10.06.2017 | Witten<\/h4>\n<p><a href=\"http:\/\/www.lions-club-witten.de\" target=\"_blank\" rel=\"noopener\">Lionsclub<\/a><br \/>\nZeche Nachtigal<br \/>\n\u201cSoul auf Zeche Nachtigall\u201d<br \/>\nBenefiz-Konzert<\/p>\n<p><a href=\"http:\/\/www.lions-club-witten.de\" target=\"_blank\" rel=\"noopener\"><img decoding=\"async\" style=\"margin-right: 10px; border: 1px solid #aaaaaa; padding: 3px; width: 100px; height: 102px;\" src=\"http:\/\/www.diekommitmanns.de\/soul_1\/data\/uploads\/venues\/lions_2col_1.gif\" alt=\"\" \/><\/a><\/p>\n<p>Nachtigallstra\u00dfe 35<\/p>\n<p>58452 Witten<\/p>\n<\/div>\n<div class=\"box\">\n<h4><img decoding=\"async\" style=\"margin-left: 10px; border: 1px solid #aaa; padding: 3px; width: 30%; float: right;\" src=\"https:\/\/www.diekommitmanns.de\/soul3\/wp-content\/uploads\/2024\/10\/Extraschicht.jpg\" alt=\"\" \/>Sa 24.06.2017 | Castrop-Rauxel<\/h4>\n<p><a href=\"http:\/\/www.extraschicht.de\/home\/\" target=\"_blank\" rel=\"noopener\"><em>Extraschicht<\/em><\/a><\/p>\n<p>Die ExtraSchicht findet immer am letzten<br \/>\nSamstag im Juni statt!<br \/>\nmehr Infos unter <a href=\"http:\/\/www.extraschicht.de\/home\/\" target=\"_blank\" rel=\"noopener\">extraschicht.de<\/a><\/p>\n<p>Parkbad S\u00fcd<br \/>\nAm Stadtgarten 20<br \/>\n44575 Castrop-Rauxel<br \/>\nwww.parkbad-sued.de<\/p>\n<\/div>\n<div class=\"box\">\n<h4><a id=\"fb\" href=\"http:\/\/www.diekommitmanns.de\/soul_1\/data\/uploads\/venues\/brunnenfestivalplakat2017.jpg\"><img decoding=\"async\" style=\"margin-left: 10px; border: 1px solid #aaaaaa; padding: 3px; width: 30%; float: right;\" src=\"http:\/\/www.diekommitmanns.de\/soul_1\/data\/uploads\/venues\/brunnenfestivalplakat2017.jpg\" alt=\"\" \/><\/a>Sa 01.07.2017 | L\u00fcnen<\/h4>\n<p><em>Brinkhoff&#8217;s Brunnenfestival<\/em><\/p>\n<p>Willy-Brandt-Platz<br \/>\nL\u00fcnen<br \/>\nab 19:00 Uhr<br \/>\n<a href=\"http:\/\/www.luenen-veranstaltungen.de\/Details?id=352\" target=\"_blank\" rel=\"noopener\">mehr lesen &#8230;.<\/a><\/p>\n<p>&nbsp;<\/p>\n<\/div>\n<div class=\"box\">\n<h4><img decoding=\"async\" style=\"margin-left: 10px; border: 1px solid #aaaaaa; padding: 3px; width: 30%; float: right;\" src=\"http:\/\/www.diekommitmanns.de\/soul_1\/data\/uploads\/venues\/brueckenfest-hoerde.jpg\" alt=\"\" \/>Sa 08.07.2017 | Dortmund<\/h4>\n<p><em>Br\u00fcckenfest International<\/em><\/p>\n<p>B\u00fchne am Platz an der Schlanken Mathilde<br \/>\nab ca. 20:30 Uhr<br \/>\nDas 3. Br\u00fcckenfest in<br \/>\nDortmund &#8211; H\u00f6rde<br \/>\n<a href=\"https:\/\/www.facebook.com\/BrueckenfestHoerdeInternational\/?ref=ts&amp;fref=ts\" target=\"_blank\" rel=\"noopener\">mehr auf facebook<\/a><\/p>\n<\/div>\n<div class=\"box\">\n<h4>Sa 15.07.2017 | Gelsenkirchen<\/h4>\n<p><a href=\"http:\/\/www.sommerfestival-schloss-berge.de\/\" target=\"_blank\" rel=\"noopener\">Sommerfest Schloss Berge\u00a0<\/a><\/p>\n<p><span style=\"font-size: 12px;\">Im sch\u00f6nsten Park des n\u00f6rdlichen Ruhrgebiets wird seit \u00fcber 50 Jahren das Sommerfest Schloss Berge gefeiert,\u00a0mittlerweile ein Symbol f\u00fcr Tradition und Festkultur im Ruhrgebiet.<\/span><\/p>\n<p>Wo: 45894 Gelsenkirchen<br \/>\nAdenauerallee<\/p>\n<address><span style=\"font-size: 12px;\">Wenn Sie mit dem Auto kommen, benutzen Sie bitte die Parkpl\u00e4tze auf Schalke und der Gesamtschule Berger Feld (Adresse f\u00fcr Navi: 45894 Gelsenkirchen \u2013 Adenauerallee)<\/span><\/address>\n<\/div>\n<div class=\"box\">\n<h4><a id=\"fb\" href=\"http:\/\/www.herne.de\/Bilder\/Kultur-und-Freizeit\/Veranstaltungen\/nightlightdinner_2016__copyright_thomas_schmidt_stadt_herne_001-1000x665_Beitragsbild.jpg\"><img decoding=\"async\" style=\"margin-left: 10px; border: 1px solid #aaaaaa; padding: 3px; width: 30%; float: right;\" src=\"http:\/\/www.herne.de\/Bilder\/Kultur-und-Freizeit\/Veranstaltungen\/nightlightdinner_2016__copyright_thomas_schmidt_stadt_herne_001-1000x665_Beitragsbild.jpg\" alt=\"\" \/><\/a>Fr 25.08.2017 | Herne<\/h4>\n<p><a href=\"http:\/\/www.herne.de\/Kultur-und-Freizeit\/Veranstaltungen\/Herner-Veranstaltungen-im-Jahresueberblick\/Nightlight-Dinner-und-City-Fest\/\" target=\"_blank\" rel=\"noopener\">Nightlight-Dinner <\/a>in Herne 2017<\/p>\n<p>B\u00fchne 8 | Robert-Brauner-Platz |<br \/>\n21:15 &#8211; 23:00 Uhr<br \/>\nDie l\u00e4ngste Picknick-Tafel Deutschlands vom Robert-Brauner-Platz bis zum Platz vor dem City-Center.<br \/>\nBahnhofstra\u00dfe<br \/>\n44623 Herne<br \/>\n<a href=\"http:\/\/www.stadtmarketing-herne.de\/fileadmin\/smh\/2017\/Das_ist_los_in_Herne\/Nightlight-Dinner_Herne_2017.pdf\" target=\"_blank\" rel=\"noopener\">Download: Programmheft<\/a><\/p>\n<\/div>\n<div class=\"box\">\n<h4><a id=\"fb\" href=\"http:\/\/www.diekommitmanns.de\/soul_1\/data\/uploads\/venues\/hauswitten-innen.jpg\"><img decoding=\"async\" style=\"margin-left: 10px; border: 1px solid #aaa; padding: 3px; width: 30%; float: right;\" src=\"http:\/\/www.diekommitmanns.de\/soul_1\/data\/uploads\/venues\/hauswitten-innen.jpg\" alt=\"\" \/><\/a>Sa 26.08.2017 | Witten<\/h4>\n<p><a href=\"http:\/\/www.kulturforum-witten.de\/saalbauhauswitten\/veranstaltungen\/?event_id=77324&amp;active_timestamp=1503698400&amp;date_from=12.08.2017&amp;date_to=26.08.2017&amp;calendars=37,38\" target=\"_blank\" rel=\"noopener\">KulturForum, Haus Witten<\/a><br \/>\nRuhrstra\u00dfe 86<br \/>\n58452 Witten<\/p>\n<\/div>\n<div class=\"box\">\n<h4><img decoding=\"async\" style=\"margin-left: 10px; border: 1px solid #aaa; padding: 3px; width: 30%; float: right;\" src=\"http:\/\/www.diekommitmanns.de\/soul_1\/data\/uploads\/venues\/lindenbrauerei-unna-logo.jpg\" alt=\"\" \/>Sa 23.09.2017 | Unna<\/h4>\n<p><a href=\"http:\/\/www.lindenbrauerei.de\" target=\"_blank\" rel=\"noopener\">Lindenbrauerei<\/a><br \/>\nKulturzentrum Lindenbrauerei e.V!<br \/>\nMassenerstr. 33-35<br \/>\n59423 Unna<br \/>\nTel.: 02303\/251120<\/p>\n<\/div>\n<div class=\"box\">\n<h4><img decoding=\"async\" style=\"margin-left: 10px; border: 1px solid #aaa; padding: 3px; float: right; width: 30%;\" src=\"http:\/\/www.diekommitmanns.de\/soul_1\/data\/uploads\/venues\/bahnhof_langendreer_800.jpg\" alt=\"\" \/>So 17.12.2017 | Bochum<\/h4>\n<p><a href=\"http:\/\/bahnhof-langendreer.de\" target=\"_blank\" rel=\"noopener\">Bahnhof Langendreer<\/a><\/p>\n<p>&#8230; das traditionelle Konzert in Bochum<br \/>\nkurz vor Weihnachten!!<br \/>\nWallbaumweg 108<br \/>\n44894 Bochum<br \/>\nTel 0234 \/ 687 16 10<\/p>\n<\/div>\n<div class=\"box\">\n<p style=\"text-align: center;\"><span style=\"font-size: 24pt;\">2018<\/span><\/p>\n<\/div>\n<div class=\"box\">\n<h4><img decoding=\"async\" style=\"margin-left: 10px; border: 1px solid #aaaaaa; padding: 3px; width: 15%; float: right;\" src=\"http:\/\/www.diekommitmanns.de\/soul_1\/data\/uploads\/venues\/lcb.gif\" alt=\"\" \/><span style=\"color: #a9a9a9;\"><strong>verschoben <\/strong>\u00a0Fr 19.01.2018 | Wuppertal<\/span><\/h4>\n<p><span style=\"letter-spacing: 0.075em;\">LCB | <\/span><a style=\"letter-spacing: 0.075em;\" href=\"http:\/\/www.liveclub-barmen.de\" target=\"_blank\" rel=\"noopener\">Live Club Barmen<\/a><\/p>\n<p><strong>Das Konzert muss leider verschoben werden.<br \/>\nDer neue Termin ist der 16.11.2018.<\/strong><\/p>\n<\/div>\n<div class=\"box\">\n<h4><img decoding=\"async\" style=\"margin-left: 10px; border: 1px solid #aaaaaa; padding: 3px; width: 30%; float: right;\" src=\"http:\/\/www.suedbahnhof.de\/wp-content\/themes\/kmsstyle\/images\/Logo.png\" alt=\"\" \/>So 21.01.2018 | Frankfurt<\/h4>\n<p><a href=\"http:\/\/www.suedbahnhof.de\" target=\"_blank\" rel=\"noopener\">S\u00fcdbahnhof<\/a><br \/>\nzentral, im Herzen von Sachsenhausen<\/p>\n<p>Hedderichstra\u00dfe 51<br \/>\n60594 Frankfurt am Main<\/p>\n<p>ab 12:00 Uhr bis ca. 15:30 Uhr<\/p>\n<\/div>\n<div class=\"box\">\n<h4><img decoding=\"async\" style=\"margin-left: 10px; border: 1px solid #aaa; padding: 3px; width: 30%; float: right;\" src=\"http:\/\/www.diekommitmanns.de\/soul_1\/data\/uploads\/venues\/zweischlingen_140.jpg\" alt=\"\" \/>Sa 17.02.2018 | Bielefeld<\/h4>\n<p><a href=\"http:\/\/www.zweischlingen-gastro.de\" target=\"_blank\" rel=\"noopener\">Zweischlingen\u00a0<\/a><\/p>\n<p>Das traditionelle Konzert im angesagten<br \/>\nBielefelder Club, Quelle an der B 68<br \/>\nOsnabr\u00fccker Stra\u00dfe 200<br \/>\n33643 Bielefeld<br \/>\nFon 0521-4042059<\/p>\n<\/div>\n<div class=\"box\">\n<h4><img decoding=\"async\" style=\"margin-left: 10px; border: 1px solid #aaa; padding: 3px; width: 30%; float: right;\" src=\"http:\/\/www.diekommitmanns.de\/soul_1\/data\/uploads\/venues\/zweischlingen_140.jpg\" alt=\"\" \/>Mo 30.04.2018 | Bielefeld<\/h4>\n<p><a href=\"http:\/\/www.zweischlingen-gastro.de\" target=\"_blank\" rel=\"noopener\">Zweischlingen\u00a0<\/a><\/p>\n<p>Tanz in den Mai<\/p>\n<p>Das traditionelle Konzert im angesagten<br \/>\nBielefelder Club, Quelle an der B 68<br \/>\nOsnabr\u00fccker Stra\u00dfe 200<br \/>\n33643 Bielefeld<br \/>\nFon 0521-4042059<\/p>\n<\/div>\n<div class=\"box\">\n<h4><img decoding=\"async\" style=\"float: right; width: 30%; border: 1px solid #aaaaaa; padding: 3px;\" src=\"http:\/\/www.diekommitmanns.de\/soul_1\/data\/uploads\/venues\/lions_2col_1.gif\" alt=\"\" \/>Sa 09.06.2018\u00a0| Witten<\/h4>\n<p><a href=\"http:\/\/www.lions-club-witten.de\" target=\"_blank\" rel=\"noopener\">Lionsclub<\/a><br \/>\nZeche Nachtigal<br \/>\n\u201cSoul auf Zeche Nachtigall\u201d<br \/>\nBenefiz-Konzert<\/p>\n<p>Zeche Nachtigall<br \/>\nNachtigallstra\u00dfe 35<\/p>\n<p>58452 Witten<\/p>\n<\/div>\n<div class=\"box\">\n<h4><img decoding=\"async\" style=\"float: right; width: 30%; border: 1px solid #aaaaaa; padding: 3px;\" src=\"http:\/\/www.lage.de\/layout\/lage\/media\/alternativbild.png\" alt=\"\" \/>Fr 22.06.2018\u00a0| Lage<\/h4>\n<p><strong>Lagenser Mittsommer<\/strong><br \/>\nLage-Innenstadt<\/p>\n<p>&#8222;Open Air&#8220;-Konzert auf dem Marktplatz<br \/>\n32791\u00a0Lage<\/p>\n<p>&nbsp;<\/p>\n<\/div>\n<div class=\"box\">\n<h4><img decoding=\"async\" style=\"float: right; width: 30%; border: 1px solid #aaaaaa; padding: 3px;\" src=\"http:\/\/www.bingen.de\/media\/61afb32a-3368-4788-bfac-77784b51fe8a\/bingen-swingt-2017-logo-web.jpg?mw=1200\" alt=\"\" \/>Sa 23.06.2018\u00a0| Bingen<\/h4>\n<p><strong>BINGEN SWINGT<\/strong><br \/>\nInternationales Jazzfestival<\/p>\n<p>Rheinkai 21<br \/>\n55411 Bingen am Rhein<br \/>\n&#8230;\u00a0<a href=\"http:\/\/www.bingen.de\/tourismus\/veranstaltungen\/veranstaltungshighlights\/bingen-swingt\" target=\"_blank\" rel=\"noopener\">Homepage<\/a><\/p>\n<p><small><em>Bild rechts: (c)Stadt Bingen<\/em><br \/>\nKarten sind ab sofort in der Tourist-Information Bingen oder \u00fcber\u00a0www.adticket.de\u00a0erh\u00e4ltlich.<\/small><\/p>\n<\/div>\n<div class=\"box\">\n<h4><a href=\"http:\/\/www.diekommitmanns.de\/soul_1\/data\/uploads\/venues\/spiegelzelt-do.jpg\" rel=\"fb\"><img decoding=\"async\" style=\"float: right; width: 30%; border: 1px solid #aaaaaa; padding: 3px;\" src=\"http:\/\/www.diekommitmanns.de\/soul_1\/data\/uploads\/venues\/spiegelzelt-do.jpg\" alt=\"\" \/><\/a>S0\u00a029.07.2018\u00a0| Dortmund<\/h4>\n<p>Spiegelzelt<br \/>\nWebseite:<br \/>\n<a href=\"http:\/\/ruhrhochdeutsch.de\" target=\"_blank\" rel=\"noopener\">RuhrHOCHdeutsch\u00a0<\/a><br \/>\n20:00 Uhr<\/p>\n<p>Rheinlanddamm 200,<br \/>\n44139 Dortmund<\/p>\n<\/div>\n<div class=\"box\">\n<h4><a id=\"fb\" href=\"http:\/\/www.diekommitmanns.de\/soul_1\/data\/uploads\/presse\/pressefoto01-kmms-900.jpg\"><img decoding=\"async\" style=\"margin-left: 10px; border: 1px solid #aaaaaa; padding: 3px; width: 30%; float: right;\" src=\"http:\/\/www.diekommitmanns.de\/soul_1\/data\/uploads\/presse\/pressefoto01-kmms-900.jpg\" alt=\"\" \/><\/a>Sa 04.08.2018\u00a0| Iserlohn<\/h4>\n<p>Iserlohner Sommern\u00e4chte<br \/>\nGenuss Pur<\/p>\n<p>Fritz-K\u00fchn-Platz<br \/>\nab ca. 21:00 Uhr<\/p>\n<p>&nbsp;<\/p>\n<\/div>\n<div class=\"box\">\n<h4><a id=\"fb\" href=\"http:\/\/www.diekommitmanns.de\/soul_1\/data\/uploads\/venues\/hauswitten-innen.jpg\"><img decoding=\"async\" style=\"margin-left: 10px; border: 1px solid #aaa; padding: 3px; width: 30%; float: right;\" src=\"http:\/\/www.diekommitmanns.de\/soul_1\/data\/uploads\/venues\/hauswitten-innen.jpg\" alt=\"\" \/><\/a>Sa 08.09.2018\u00a0| Witten<\/h4>\n<p><a href=\"http:\/\/www.kulturforum-witten.de\/saalbauhauswitten\/veranstaltungen\/\" target=\"_blank\" rel=\"noopener\">KulturForum, Haus Witten<\/a><br \/>\nRuhrstra\u00dfe 86<br \/>\n58452 Witten<\/p>\n<\/div>\n<div class=\"box\">\n<h4><img decoding=\"async\" style=\"margin-left: 10px; border: 1px solid #aaa; padding: 3px; width: 30%; float: right;\" src=\"http:\/\/www.diekommitmanns.de\/soul_1\/data\/uploads\/venues\/lcb.gif\" alt=\"\" \/>Fr 16.11.2018 | Wuppertal<\/h4>\n<p><span style=\"letter-spacing: 0.075em;\">LCB | <\/span><a style=\"letter-spacing: 0.075em;\" href=\"http:\/\/www.liveclub-barmen.de\/index.php?component=com_event&amp;id=2170&amp;category=209\" target=\"_blank\" rel=\"noopener\">Live Club Barmen<\/a><\/p>\n<p>Geschwister-Scholl-Platz 4-6<br \/>\n42269 Wuppertal<\/p>\n<p>ab 20:00 Uhr<\/p>\n<\/div>\n<div class=\"box\">\n<h4><img decoding=\"async\" style=\"margin-left: 10px; border: 1px solid #aaa; padding: 3px; float: right; width: 30%;\" src=\"http:\/\/www.diekommitmanns.de\/soul_1\/data\/uploads\/venues\/bahnhof_langendreer_800.jpg\" alt=\"\" \/>So 23.12.2018\u00a0| Bochum<\/h4>\n<p><a href=\"http:\/\/bahnhof-langendreer.de\" target=\"_blank\" rel=\"noopener\">Bahnhof Langendreer<\/a><\/p>\n<p>&#8230; das traditionelle Konzert in Bochum<br \/>\nkurz vor Weihnachten!!<br \/>\nWallbaumweg 108<br \/>\n44894 Bochum<br \/>\nTel 0234 \/ 687 16 10<\/p>\n<\/div>\n<div class=\"box\">\n<p style=\"text-align: center;\"><span style=\"font-size: 24pt;\">2019<\/span><\/p>\n<\/div>\n<div class=\"box\">\n<h4><img decoding=\"async\" style=\"margin-left: 10px; border: 1px solid #aaaaaa; padding: 3px; width: 30%; float: right;\" src=\"http:\/\/www.suedbahnhof.de\/wp-content\/themes\/kmsstyle\/images\/Logo.png\" alt=\"\" \/>So 03.02.2019\u00a0| Frankfurt<\/h4>\n<p><a href=\"http:\/\/www.suedbahnhof.de\" target=\"_blank\" rel=\"noopener\">S\u00fcdbahnhof<\/a><br \/>\nzentral, im Herzen von Sachsenhausen<\/p>\n<p>Hedderichstra\u00dfe 51<br \/>\n60594 Frankfurt am Main<\/p>\n<p>ab 12:00 Uhr bis ca. 15:30 Uhr<\/p>\n<\/div>\n<div class=\"box\">\n<h4><a id=\"fb\" href=\"http:\/\/www.diekommitmanns.de\/joecockerstory\/data\/uploads\/luna-03.jpg\"><img decoding=\"async\" style=\"margin-left: 10px; border: 1px solid #aaaaaa; padding: 3px; width: 15%; float: right;\" src=\"http:\/\/www.diekommitmanns.de\/joecockerstory\/data\/uploads\/luna-02kl-80.jpg\" alt=\"\" \/><\/a>Fr 15.02.2019\u00a0| Dortmund<\/h4>\n<p><strong>&#8222;<a href=\"http:\/\/die-joe-cocker-story.de\" target=\"_blank\" rel=\"noopener\"><em>Die Joe Cocker Story<\/em><\/a>&#8222;<\/strong><br \/>\nDie Komm&#8217;Mit Mann!s goes Theater<\/p>\n<p>\u2192 mehr auf der <a href=\"http:\/\/www.diekommitmanns.de\/joecockerstory\/index.php\" target=\"_blank\" rel=\"noopener\">Homepage<\/a><\/p>\n<p>LUNA in Hombruch,<br \/>\nHarkortstr. 57 a \u2013 44225 Dortmund<\/p>\n<p>19:30 Uhr<\/p>\n<\/div>\n<div class=\"box\">\n<h4><a id=\"fb\" href=\"http:\/\/www.diekommitmanns.de\/joecockerstory\/data\/uploads\/luna-03.jpg\"><img decoding=\"async\" style=\"margin-left: 10px; border: 1px solid #aaaaaa; padding: 3px; width: 15%; float: right;\" src=\"http:\/\/www.diekommitmanns.de\/joecockerstory\/data\/uploads\/luna-02kl-80.jpg\" alt=\"\" \/><\/a>Sa 13.04.2019\u00a0| Dortmund<\/h4>\n<p><strong>&#8222;<a href=\"http:\/\/die-joe-cocker-story.de\" target=\"_blank\" rel=\"noopener\"><em>Die Joe Cocker Story<\/em><\/a>&#8222;<\/strong><br \/>\nDie Komm&#8217;Mit Mann!s goes Theater<\/p>\n<p>\u2192 mehr auf der <a href=\"http:\/\/www.diekommitmanns.de\/joecockerstory\/index.php\" target=\"_blank\" rel=\"noopener\">Homepage<\/a><\/p>\n<p>LUNA in Hombruch,<br \/>\nHarkortstr. 57 a \u2013 44225 Dortmund<\/p>\n<p>19:30 Uhr<\/p>\n<\/div>\n<div class=\"box\">\n<h4><a href=\"http:\/\/www.diekommitmanns.de\/joecockerstory\/data\/uploads\/luna-03.jpg\" rel=\"fb\"><img decoding=\"async\" style=\"margin-left: 10px; border: 1px solid #aaaaaa; padding: 3px; width: 15%; float: right;\" src=\"http:\/\/www.diekommitmanns.de\/joecockerstory\/data\/uploads\/luna-02kl-80.jpg\" alt=\"\" \/><\/a>Fr 07.06.2019\u00a0| Dortmund<\/h4>\n<p><strong>&#8222;<a href=\"http:\/\/die-joe-cocker-story.de\" target=\"_blank\" rel=\"noopener\"><em>Die Joe Cocker Story<\/em><\/a>&#8222;<\/strong><br \/>\nDie Komm&#8217;Mit Mann!s goes Theater<\/p>\n<p>\u2192 mehr auf der <a href=\"http:\/\/www.diekommitmanns.de\/joecockerstory\/index.php\" target=\"_blank\" rel=\"noopener\">Homepage<\/a><\/p>\n<p>LUNA in Hombruch,<br \/>\nHarkortstr. 57 a \u2013 44225 Dortmund<\/p>\n<p>19:30 Uhr<\/p>\n<\/div>\n<div class=\"box\">\n<h4><a id=\"fb\" href=\"http:\/\/www.diekommitmanns.de\/soul_1\/data\/uploads\/venues\/spiegelzelt-do.jpg\" rel=\"fb\"><img decoding=\"async\" style=\"float: right; width: 30%; border: 1px solid #aaaaaa; padding: 3px;\" src=\"http:\/\/www.diekommitmanns.de\/soul_1\/data\/uploads\/venues\/spiegelzelt-do.jpg\" alt=\"\" \/><\/a>Fr 14.06.2019\u00a0| Dortmund<\/h4>\n<p>Spiegelzelt<br \/>\nWebseite:<br \/>\n<a href=\"http:\/\/ruhrhochdeutsch.de\" target=\"_blank\" rel=\"noopener\">RuhrHOCHdeutsch\u00a0<\/a><br \/>\n20:00 Uhr<\/p>\n<p>Rheinlanddamm 200,<br \/>\n44139 Dortmund<\/p>\n<\/div>\n<div class=\"box\">\n<h4><a id=\"fb\" href=\"http:\/\/www.diekommitmanns.de\/soul_1\/data\/uploads\/venues\/meierteich2019.jpg\" rel=\"fb\"><img decoding=\"async\" style=\"margin-left: 10px; border: 1px solid #aaaaaa; padding: 3px; width: 30%; float: right;\" src=\"http:\/\/www.diekommitmanns.de\/soul_1\/data\/uploads\/venues\/meierteich2019.jpg\" alt=\"\" \/><\/a>Sa 29.06.2019\u00a0| Bielefeld<\/h4>\n<p>Konzerte am Meierteich<br \/>\nAm Meierteich<br \/>\n33613 Bielefeld<\/p>\n<p>\u2192 <a href=\"https:\/\/www.facebook.com\/events\/1135575599953264\/\" target=\"_blank\" rel=\"noopener\">facebookseite<\/a><\/p>\n<\/div>\n<div class=\"box\">\n<h4>Fr 23.08.2019 | Iserlohn<\/h4>\n<p>&nbsp;<\/p>\n<p>Iserlohner Sommern\u00e4chte 2019 Beat Garden<br \/>\nFritz-K\u00fchn-Platz<br \/>\n58636 Iserlohn<\/p>\n<p>ab 18:00 Uhr<\/p>\n<p>\u2192 <a href=\"https:\/\/www.iserlohn.de\/aktuelles\/veranstaltungen\/?event_id=107526&amp;active_timestamp=1566511200&amp;date_from=23.08.2019&amp;date_to=23.08.2019\" target=\"_blank\" rel=\"noopener\">mehr Infos<\/a><\/p>\n<p>&nbsp;<\/p>\n<\/div>\n<div class=\"box\">\n<h4><a id=\"fb\" href=\"https:\/\/www.awo-ww.de\/sites\/default\/files\/styles\/slider-full\/public\/2\/Jubilaeumsfest-Slider_920x268_1_1.jpg?itok=kMEjS8s3\" rel=\"fb\"><img decoding=\"async\" style=\"margin-left: 10px; border: 1px solid #aaaaaa; padding: 3px; width: 30%; float: right;\" src=\"https:\/\/www.awo-ww.de\/sites\/default\/files\/styles\/slider-full\/public\/2\/Jubilaeumsfest-Slider_920x268_1_1.jpg?itok=kMEjS8s3\" alt=\"\" \/><\/a>Fr 30.08.2019\u00a0| Dortmund<\/h4>\n<p>auf dem\u00a0gro\u00dfen <strong>AWO-Jubil\u00e4umsfest<\/strong><br \/>\nin der Dortmunder Innenstadt<\/p>\n<p>B\u00fchne am Friedensplatz<br \/>\ndirekt nach dem &#8222;Geierabend&#8220;<br \/>\nab 21:00 Uhr<\/p>\n<p>\u2192 <a href=\"https:\/\/www.awo-ww.de\/AWO-100-Jahre\" target=\"_blank\" rel=\"noopener\">Homepage AWO-Fest<\/a><\/p>\n<\/div>\n<div class=\"box\">\n<h4><a id=\"fb\" href=\"http:\/\/www.diekommitmanns.de\/soul_1\/data\/uploads\/venues\/hauswitten-innen.jpg\" rel=\"fb\"><img decoding=\"async\" style=\"margin-left: 10px; border: 1px solid #aaa; padding: 3px; width: 30%; float: right;\" src=\"http:\/\/www.diekommitmanns.de\/soul_1\/data\/uploads\/venues\/hauswitten-innen.jpg\" alt=\"\" \/><\/a>Sa 31.08.2019\u00a0| Witten<\/h4>\n<p><a href=\"http:\/\/www.kulturforum-witten.de\/saalbauhauswitten\/veranstaltungen\/\" target=\"_blank\" rel=\"noopener\">KulturForum, Haus Witten<\/a><br \/>\nRuhrstra\u00dfe 86<br \/>\n58452 Witten<\/p>\n<\/div>\n<div class=\"box\">\n<h4><img decoding=\"async\" style=\"margin-left: 10px; border: 1px solid #aaaaaa; padding: 3px; width: 30%; float: right;\" src=\"http:\/\/www.diekommitmanns.de\/soul_1\/data\/uploads\/news\/hansa-theater-logo.jpg\" alt=\"\" \/>Fr 04.10.2019\u00a0| Dortmund<\/h4>\n<p><strong>&#8222;<a href=\"http:\/\/die-joe-cocker-story.de\" target=\"_blank\" rel=\"noopener\"><em>Die Joe Cocker Story<\/em><\/a>&#8222;<\/strong><br \/>\nDie Komm&#8217;Mit Mann!s goes Theater<\/p>\n<p>\u2192 mehr auf der <a href=\"http:\/\/www.diekommitmanns.de\/joecockerstory\/index.php\" target=\"_blank\" rel=\"noopener\">Homepage<\/a><\/p>\n<p>Beginn: 19:30 Uhr<\/p>\n<\/div>\n<div class=\"box\">\n<h4><img decoding=\"async\" style=\"margin-left: 10px; border: 1px solid #aaaaaa; padding: 3px; width: 30%; float: right;\" src=\"http:\/\/www.diekommitmanns.de\/joecockerstory\/data\/uploads\/volksbuehne-am-rudolfplatz.jpg\" alt=\"\" \/>Fr 25.10.2019\u00a0| K\u00f6ln<\/h4>\n<p><strong>&#8222;<a href=\"http:\/\/die-joe-cocker-story.de\" target=\"_blank\" rel=\"noopener\"><em>Die Joe Cocker Story<\/em><\/a>&#8222;<\/strong><br \/>\nDie Komm&#8217;Mit Mann!s goes Theater<\/p>\n<p><a href=\"http:\/\/www.volksbuehne-rudolfplatz.de\/1011-die-joe-cocker-story\" target=\"_blank\" rel=\"noopener\">Volksb\u00fchne am Rudolfplatz<\/a> K\u00f6ln<br \/>\nAachener Stra\u00dfe 5, 50674 K\u00f6ln<\/p>\n<\/div>\n<div class=\"box\">\n<h4><img decoding=\"async\" style=\"margin-left: 10px; border: 1px solid #aaaaaa; padding: 3px; width: 30%; float: right;\" src=\"http:\/\/www.diekommitmanns.de\/joecockerstory\/data\/uploads\/kulturboden-hallstadt.jpg\" alt=\"\" \/>Sa 26.10.2019\u00a0| Hallstadt<\/h4>\n<p><strong>&#8222;<a href=\"http:\/\/die-joe-cocker-story.de\" target=\"_blank\" rel=\"noopener\"><em>Die Joe Cocker Story<\/em><\/a>&#8222;<\/strong><br \/>\nDie Komm&#8217;Mit Mann!s goes Theater<\/p>\n<p><a href=\"https:\/\/www.kulturboden-hallstadt.de\/veranstaltungen\/detail\/Die-Joe-Cocker-Story-270\/\" target=\"_blank\" rel=\"noopener\">Kulturboden<\/a>, Hallstadt<br \/>\nAn der Marktscheune 1, 96103 Hallstadt<\/p>\n<\/div>\n<div class=\"box\">\n<h4><a id=\"fb\" href=\"https:\/\/static.wixstatic.com\/media\/6ed259_2f2676dfdfa2462797ec6c4731996cc7~mv2.jpg\/v1\/fill\/w_1200,h_594,fp_0.50_0.50,q_85\/6ed259_2f2676dfdfa2462797ec6c4731996cc7~mv2.webp\" rel=\"fb\"><img decoding=\"async\" style=\"margin-left: 10px; border: 1px solid #aaaaaa; padding: 3px; width: 30%; float: right;\" src=\"https:\/\/static.wixstatic.com\/media\/6ed259_2f2676dfdfa2462797ec6c4731996cc7~mv2.jpg\/v1\/fill\/w_1200,h_594,fp_0.50_0.50,q_85\/6ed259_2f2676dfdfa2462797ec6c4731996cc7~mv2.webp\" alt=\"\" \/><\/a>So\u00a027.10.2019\u00a0| Arnstadt<\/h4>\n<p><strong>&#8222;<a href=\"http:\/\/die-joe-cocker-story.de\" target=\"_blank\" rel=\"noopener\"><em>Die Joe Cocker Story<\/em><\/a>&#8222;<\/strong><br \/>\nDie Komm&#8217;Mit Mann!s goes Theater<\/p>\n<p>Theater im Schlossgarten<br \/>\nArnstadt, Th\u00fcringen<br \/>\nab 16:00 Uhr<\/p>\n<p>\u2192 <a href=\"https:\/\/sitter6.wixsite.com\/theaterarnstadt\" target=\"_blank\" rel=\"noopener\">Homepage<\/a><\/p>\n<p>&nbsp;<\/p>\n<\/div>\n<div class=\"box\">\n<h4><a id=\"fb\" href=\"http:\/\/www.diekommitmanns.de\/soul_1\/data\/uploads\/venues\/castroprauxel-abinszelt.jpg\" rel=\"fb\"><img decoding=\"async\" style=\"margin-left: 10px; border: 1px solid #aaaaaa; padding: 3px; width: 30%; float: right;\" src=\"http:\/\/www.diekommitmanns.de\/soul_1\/data\/uploads\/venues\/castroprauxel-abinszelt.jpg\" alt=\"\" \/><\/a>Sa 16.11.2019\u00a0| Castrop-Rauxel<\/h4>\n<p>Ab ins Zelt\u00a0auf dem Altstadtmarkt<br \/>\nin\u00a0Castrop-Rauxel<br \/>\nAm Markt, 44575 Castrop-Rauxel<\/p>\n<p>\u2192 mehr auf der <a href=\"http:\/\/www.ab-ins-zelt.de\" target=\"_blank\" rel=\"noopener\">Homepage<\/a><\/p>\n<\/div>\n<div class=\"box\">\n<h4><img decoding=\"async\" style=\"margin-left: 10px; border: 1px solid #aaaaaa; padding: 3px; width: 30%; float: right;\" src=\"http:\/\/www.diekommitmanns.de\/soul_1\/data\/uploads\/news\/hansa-theater-logo.jpg\" alt=\"\" \/>Fr 29.11.2019\u00a0| Dortmund<\/h4>\n<p><strong>&#8222;<a href=\"http:\/\/die-joe-cocker-story.de\" target=\"_blank\" rel=\"noopener\"><em>Die Joe Cocker Story<\/em><\/a>&#8222;<\/strong><br \/>\nDie Komm&#8217;Mit Mann!s goes Theater<\/p>\n<p>\u2192 mehr auf der <a href=\"http:\/\/www.diekommitmanns.de\/joecockerstory\/index.php\" target=\"_blank\" rel=\"noopener\">Homepage<\/a><\/p>\n<p>Beginn: 19:30 Uhr<\/p>\n<\/div>\n<div class=\"box\">\n<h4><a id=\"fb\" href=\"http:\/\/www.diekommitmanns.de\/soul_1\/data\/uploads\/venues\/bahnhof_langendreer_800.jpg\"><img decoding=\"async\" style=\"margin-left: 10px; border: 1px solid #d8e0f3; padding: 5px; float: right; width: 30%;\" src=\"http:\/\/www.diekommitmanns.de\/soul_1\/data\/uploads\/venues\/bahnhof_langendreer_800.jpg\" alt=\"\" \/><\/a>So 22.12.2019\u00a0| Bochum<\/h4>\n<p><a href=\"http:\/\/bahnhof-langendreer.de\" target=\"_blank\" rel=\"noopener\">Bahnhof Langendreer<\/a><\/p>\n<p>&#8230; das traditionelle Konzert in Bochum<br \/>\nkurz vor Weihnachten!!<\/p>\n<p>Wallbaumweg 108<br \/>\n44894 Bochum<br \/>\nTel 0234 \/ 687 16 10<\/p>\n<\/div>\n<div class=\"box\">\n<p style=\"text-align: center;\"><span style=\"font-size: 24pt;\">2020<\/span><\/p>\n<\/div>\n<div class=\"box\">\n<h4><img decoding=\"async\" style=\"margin-left: 10px; border: 1px solid #aaaaaa; padding: 3px; width: 30%; float: right;\" src=\"https:\/\/www.diekommitmanns.de\/soul_1\/data\/uploads\/news\/hansa-theater-logo.jpg\" alt=\"\" \/>sa 18.01.2020\u00a0| Dortmund<\/h4>\n<p><strong>&#8222;<a href=\"https:\/\/die-joe-cocker-story.de\" target=\"_blank\" rel=\"noopener\"><em>Die Joe Cocker Story<\/em><\/a>&#8222;<\/strong><br \/>\nDie Komm&#8217;Mit Mann!s goes Theater<\/p>\n<p>\u2192 mehr auf der <a href=\"https:\/\/www.diekommitmanns.de\/joecockerstory\/index.php\" target=\"_blank\" rel=\"noopener\">Homepage<\/a><\/p>\n<p>Beginn: 19:30 Uhr<\/p>\n<\/div>\n<div class=\"box\">\n<h4><a id=\"fb\" href=\"https:\/\/www.diekommitmanns.de\/soul_1\/data\/uploads\/venues\/bennewitz-do.jpg\" rel=\"fb\"><img decoding=\"async\" style=\"margin-left: 10px; border: 1px solid #aaaaaa; padding: 3px; width: 30%; float: right;\" src=\"https:\/\/www.diekommitmanns.de\/soul_1\/data\/uploads\/venues\/bennewitz-do.jpg\" alt=\"\" \/><\/a>so\u00a026.01.2020\u00a0| Dortmund<\/h4>\n<p>Unplugged im &#8222;Herr Bennewitz&#8220;<br \/>\nHohe Stra\u00dfe 88-90<br \/>\n44139 Dortmund<\/p>\n<p>\u2192 <a href=\"https:\/\/bennewitz-dortmund.de\" target=\"_blank\" rel=\"noopener\">Homepage<\/a><\/p>\n<p>Beginn: 18:00 Uhr<\/p>\n<\/div>\n<div class=\"box\">\n<h4><img decoding=\"async\" style=\"margin-left: 10px; border: 1px solid #aaaaaa; padding: 3px; width: 30%; float: right;\" src=\"https:\/\/www.diekommitmanns.de\/soul_1\/data\/uploads\/news\/hansa-theater-logo.jpg\" alt=\"\" \/>Fr 07.02.2020\u00a0| Dortmund<\/h4>\n<p><strong>&#8222;<a href=\"https:\/\/die-joe-cocker-story.de\" target=\"_blank\" rel=\"noopener\"><em>Die Joe Cocker Story<\/em><\/a>&#8222;<\/strong><br \/>\nDie Komm&#8217;Mit Mann!s goes Theater<\/p>\n<p>\u2192 mehr auf der <a href=\"https:\/\/www.diekommitmanns.de\/joecockerstory\/index.php\" target=\"_blank\" rel=\"noopener\">Homepage<\/a><\/p>\n<p>Beginn: 19:30 Uhr<\/p>\n<\/div>\n<div class=\"box\">\n<h4><img decoding=\"async\" style=\"margin-left: 10px; border: 1px solid #aaa; padding: 3px; width: 30%; float: right;\" src=\"https:\/\/www.diekommitmanns.de\/soul_1\/data\/uploads\/venues\/zweischlingen_140.jpg\" alt=\"\" \/>Sa 08.02.2020\u00a0| Bielefeld<\/h4>\n<p><a href=\"https:\/\/www.zweischlingen-gastro.de\" target=\"_blank\" rel=\"noopener\">Zweischlingen<\/a><\/p>\n<p>Das traditionelle Konzert im angesagten<br \/>\nBielefelder Club, Quelle an der B 68<br \/>\nOsnabr\u00fccker Stra\u00dfe 200<br \/>\n33643 Bielefeld<br \/>\nFon 0521-4042059<\/p>\n<\/div>\n<div class=\"box\">\n<h4><img decoding=\"async\" style=\"margin-left: 10px; border: 1px solid #aaaaaa; padding: 3px; width: 30%; float: right;\" src=\"https:\/\/www.diekommitmanns.de\/soul_1\/data\/uploads\/news\/hansa-theater-logo.jpg\" alt=\"\" \/>Sa 25.04.2020\u00a0| Dortmund<\/h4>\n<p><strong>&#8222;<a href=\"https:\/\/die-joe-cocker-story.de\" target=\"_blank\" rel=\"noopener\"><em>Die Joe Cocker Story<\/em><\/a>&#8222;<\/strong><br \/>\nDie Komm&#8217;Mit Mann!s goes Theater<\/p>\n<p><strong>\u2192 ACHTUNG<\/strong>:\u00a0Wegen Corona-Krise verschoben ?\u00a009.01.2021<\/p>\n<p>Beginn: 19:30 Uhr<\/p>\n<\/div>\n<div class=\"box\">\n<h4><img decoding=\"async\" style=\"margin-left: 10px; border: 1px solid #aaaaaa; padding: 3px; width: 30%; float: right;\" src=\"https:\/\/www.diekommitmanns.de\/soul_1\/data\/uploads\/news\/hansa-theater-logo.jpg\" alt=\"\" \/>Fr 05.06.2020\u00a0| Dortmund<\/h4>\n<p><strong>&#8222;<a href=\"https:\/\/die-joe-cocker-story.de\" target=\"_blank\" rel=\"noopener\"><em>Die Joe Cocker Story<\/em><\/a>&#8222;<\/strong><br \/>\nDie Komm&#8217;Mit Mann!s goes Theater<\/p>\n<p><strong>ACHTUNG<\/strong>:\u00a0Wegen Corona-Krise verschoben ?\u00a018.09.2020<\/p>\n<p>Beginn: 19:30 Uhr<\/p>\n<\/div>\n<div class=\"box\">\n<h4><img decoding=\"async\" style=\"margin-left: 10px; border: 1px solid #aaaaaa; padding: 3px; width: 30%; float: right;\" src=\"https:\/\/www.diekommitmanns.de\/soul_1\/data\/uploads\/news\/hansa-theater-logo.jpg\" alt=\"\" \/>Fr 14.08.2020\u00a0| Dortmund<\/h4>\n<p><strong>&#8222;<a href=\"https:\/\/die-joe-cocker-story.de\" target=\"_blank\" rel=\"noopener\"><em>Die Joe Cocker Story<\/em><\/a>&#8222;<\/strong><br \/>\nDie Komm&#8217;Mit Mann!s goes Theater<\/p>\n<p><strong>ACHTUNG<\/strong>:\u00a0Wegen Corona nur eingeschr\u00e4nkte Platzm\u00f6glichkeiten<\/p>\n<p>Beginn: 19:30 Uhr<\/p>\n<\/div>\n<div class=\"box\">\n<h4><a id=\"fb\" href=\"https:\/\/www.diekommitmanns.de\/soul_1\/data\/uploads\/venues\/hauswitten-innen.jpg\" rel=\"fb\"><img decoding=\"async\" style=\"margin-left: 10px; border: 1px solid #aaa; padding: 3px; width: 30%; float: right;\" src=\"https:\/\/www.diekommitmanns.de\/soul_1\/data\/uploads\/venues\/hauswitten-innen.jpg\" alt=\"\" \/><\/a>Sa 15.08.2020\u00a0| Witten<\/h4>\n<p><a href=\"https:\/\/www.kulturforum-witten.de\/saalbauhauswitten\/veranstaltungen\/\" target=\"_blank\" rel=\"noopener\">KulturForum, Haus Witten<\/a><br \/>\nRuhrstra\u00dfe 86<br \/>\n58452 Witten<\/p>\n<p><strong>ACHTUNG<\/strong>: f\u00e4llt aus Wegen Corona-Krise<\/p>\n<\/div>\n<div class=\"box\">\n<h4><img decoding=\"async\" style=\"margin-left: 10px; border: 1px solid #aaaaaa; padding: 3px; width: 30%; float: right;\" src=\"https:\/\/www.diekommitmanns.de\/soul_1\/data\/uploads\/news\/hansa-theater-logo.jpg\" alt=\"\" \/>Fr 18.09.2020\u00a0| Dortmund<\/h4>\n<p><strong>&#8222;<a href=\"https:\/\/die-joe-cocker-story.de\" target=\"_blank\" rel=\"noopener\"><em>Die Joe Cocker Story<\/em><\/a>&#8222;<\/strong><br \/>\nDie Komm&#8217;Mit Mann!s goes Theater<\/p>\n<p>\u2192 mehr auf der <a href=\"https:\/\/www.diekommitmanns.de\/joecockerstory\/index.php\" target=\"_blank\" rel=\"noopener\">Homepage<\/a><\/p>\n<p>Beginn: 19:30 Uhr<\/p>\n<\/div>\n<div class=\"box\">\n<h4><a id=\"fb\" href=\"https:\/\/www.diekommitmanns.de\/soul_1\/data\/uploads\/cockershow-premiere-01.jpg\" rel=\"fb\"><img decoding=\"async\" style=\"margin-left: 10px; border: 1px solid #aaaaaa; padding: 3px; width: 30%; float: right;\" src=\"https:\/\/www.diekommitmanns.de\/soul_1\/data\/uploads\/cockershow-premiere-01.jpg\" alt=\"\" \/><\/a>Fr 23.10.2020\u00a0| Potsdam<\/h4>\n<p><strong>&#8222;<a href=\"https:\/\/die-joe-cocker-story.de\" target=\"_blank\" rel=\"noopener\"><em>Die Joe Cocker Story<\/em><\/a>&#8222;<\/strong><br \/>\nDie Komm&#8217;Mit Mann!s goes Theater<\/p>\n<p>Potsdam, <strong><a href=\"https:\/\/www.lindenpark.de\/programm\/?cp_nr=67796&amp;cp_typ=&amp;a=erwachsene\" target=\"_blank\" rel=\"noopener\">Kulturzentrum Lindenpark<\/a><\/strong><\/p>\n<p><strong>ACHTUNG<\/strong>:\u00a0Wegen Corona-Krise verschoben auf 04.02.2022<\/p>\n<\/div>\n<div class=\"box\">\n<h4><a id=\"fb\" href=\"https:\/\/www.diekommitmanns.de\/soul_1\/data\/uploads\/cockershow-premiere-01.jpg\" rel=\"fb\"><img decoding=\"async\" style=\"margin-left: 10px; border: 1px solid #aaaaaa; padding: 3px; width: 30%; float: right;\" src=\"https:\/\/www.diekommitmanns.de\/soul_1\/data\/uploads\/cockershow-premiere-01.jpg\" alt=\"\" \/><\/a>Sa 24.10.2020\u00a0| Sta\u00dffurt<\/h4>\n<p><strong>&#8222;<a href=\"https:\/\/die-joe-cocker-story.de\" target=\"_blank\" rel=\"noopener\"><em>Die Joe Cocker Story<\/em><\/a>&#8222;<\/strong><br \/>\nDie Komm&#8217;Mit Mann!s goes Theater<\/p>\n<p>Sta\u00dffurt, <a href=\"https:\/\/www.salzlandtheater.de\" target=\"_blank\" rel=\"noopener\"><strong>Salzlandtheater<\/strong><\/a><\/p>\n<p><strong>ACHTUNG<\/strong>:\u00a0Wegen Corona-Krise verschoben &#8211;<br \/>\nvorauss. 16.10.2021<\/p>\n<\/div>\n<p><!-- BERNAU ------------------------------\n\n\n<div class=\"box\">\n\n\n<h4><a href=\"https:\/\/www.diekommitmanns.de\/soul_1\/data\/uploads\/cockershow-premiere-01.jpg\" id=\"fb\" rel=\"fb\"><img decoding=\"async\" alt=\"\" src=\"https:\/\/www.diekommitmanns.de\/soul_1\/data\/uploads\/cockershow-premiere-01.jpg\" style=\"margin-left: 10px; border: 1px solid rgb(170, 170, 170); padding: 3px; width: 30%; float: right;\" \/><\/a>S0&nbsp;25.10.2020\n+ Mo 26.10.2020 | Bernau<\/h4>\n\n\n<strong>\"<a href=\"https:\/\/die-joe-cocker-story.de\" target=\"_blank\" rel=\"noopener\"><em>Die Joe Cocker Story<\/em><\/a>\"<\/strong>\nDie Komm'Mit Mann!s goes Theater\n\nBernau, <a href=\"https:\/\/ofenhaus-bernau.de\" target=\"_blank\" rel=\"noopener\"><strong>Ofenhaus am Gaswerk<\/strong><\/a>\n&nbsp;\n\n<\/div>\n\n\n--><\/p>\n<div class=\"box\">\n<h4><a id=\"fb\" href=\"https:\/\/www.diekommitmanns.de\/soul_1\/data\/uploads\/cockershow-premiere-01.jpg\" rel=\"fb\"><img decoding=\"async\" style=\"margin-left: 10px; border: 1px solid #aaaaaa; padding: 3px; width: 30%; float: right;\" src=\"https:\/\/www.diekommitmanns.de\/soul_1\/data\/uploads\/cockershow-premiere-01.jpg\" alt=\"\" \/><\/a>Fr 30.10.2020\u00a0| Bad sassendorf<\/h4>\n<p><strong>&#8222;<a href=\"https:\/\/die-joe-cocker-story.de\" target=\"_blank\" rel=\"noopener\"><em>Die Joe Cocker Story<\/em><\/a>&#8222;<\/strong><br \/>\nDie Komm&#8217;Mit Mann!s goes Theater<\/p>\n<p>Bad Sassendorf<\/p>\n<p><strong>ACHTUNG<\/strong>:\u00a0Wegen Corona-Krise verschoben auf den\u00a010.04.2021<\/p>\n<p>&nbsp;<\/p>\n<\/div>\n<div class=\"box\">\n<h4><a id=\"fb\" href=\"https:\/\/www.diekommitmanns.de\/soul_1\/data\/uploads\/venues\/castroprauxel-abinszelt.jpg\" rel=\"fb\"><img decoding=\"async\" style=\"margin-left: 10px; border: 1px solid #aaaaaa; padding: 3px; width: 30%; float: right;\" src=\"https:\/\/www.diekommitmanns.de\/soul_1\/data\/uploads\/venues\/castroprauxel-abinszelt.jpg\" alt=\"\" \/><\/a>Sa 20.11.2020\u00a0| Castrop-Rauxel<\/h4>\n<p><strong>ACHTUNG<\/strong>: f\u00e4llt aus Wegen Corona-Krise<\/p>\n<p>Ab ins Zelt\u00a0auf dem Altstadtmarkt<br \/>\nin\u00a0Castrop-Rauxel<br \/>\nAm Markt, 44575 Castrop-Rauxel<\/p>\n<p>?\u00a0mehr auf der <a href=\"https:\/\/www.ab-ins-zelt.de\" target=\"_blank\" rel=\"noopener\">Homepage<\/a><\/p>\n<\/div>\n<div class=\"box\">\n<h4>So 20.12.2020\u00a0| Bochum<\/h4>\n<p><img decoding=\"async\" style=\"margin-left: 10px; border: 1px solid #d8e0f3; padding: 5px; float: right; width: 30%;\" src=\"https:\/\/www.diekommitmanns.de\/soul_1\/data\/uploads\/venues\/bahnhof_langendreer_800.jpg\" alt=\"\" \/><a href=\"https:\/\/bahnhof-langendreer.de\" target=\"_blank\" rel=\"noopener\">Bahnhof Langendreer<\/a><\/p>\n<p>&#8230; das traditionelle Konzert in Bochum<br \/>\nkurz vor Weihnachten!!<\/p>\n<p><strong>ACHTUNG<\/strong>:\u00a0Wegen Corona-Krise verschoben auf den\u00a019.12.2021<\/p>\n<p>Wallbaumweg 108<br \/>\n44894 Bochum<br \/>\nTel 0234 \/ 687 16 10<\/p>\n<\/div>\n<div class=\"box\">\n<p style=\"text-align: center;\"><span style=\"font-size: 24pt;\">2021<\/span><\/p>\n<\/div>\n<div class=\"box\">\n<h4><img decoding=\"async\" style=\"margin-left: 10px; border: 1px solid #aaaaaa; padding: 3px; width: 30%; float: right;\" src=\"https:\/\/www.diekommitmanns.de\/soul_1\/data\/uploads\/news\/hansa-theater-logo.jpg\" alt=\"\" \/>Sa 09.01.2021\u00a0| Dortmund<\/h4>\n<p><strong>&#8222;<a href=\"https:\/\/die-joe-cocker-story.de\" target=\"_blank\" rel=\"noopener\"><em>Die Joe Cocker Story<\/em><\/a>&#8222;<\/strong><br \/>\nDie Komm&#8217;Mit Mann!s goes Theater<\/p>\n<p><strong>ACHTUNG<\/strong>: f.a. wegen Corona-Krise<\/p>\n<p>&nbsp;<\/p>\n<\/div>\n<div class=\"box\">\n<h4><img decoding=\"async\" style=\"margin-left: 10px; border: 1px solid #aaaaaa; padding: 3px; width: 30%; float: right;\" src=\"https:\/\/www.diekommitmanns.de\/soul_1\/data\/uploads\/news\/hansa-theater-logo.jpg\" alt=\"\" \/>Fr 05.02.2021\u00a0| Dortmund<\/h4>\n<p><strong>&#8222;<a href=\"https:\/\/die-joe-cocker-story.de\" target=\"_blank\" rel=\"noopener\"><em>Die Joe Cocker Story<\/em><\/a>&#8222;<\/strong><br \/>\nDie Komm&#8217;Mit Mann!s goes Theater<\/p>\n<p>\u2192 mehr auf der <a href=\"https:\/\/www.diekommitmanns.de\/joecockerstory\/index.php\" target=\"_blank\" rel=\"noopener\">Homepage<\/a><\/p>\n<p><strong>ACHTUNG<\/strong>: f.a. wegen Corona-Krise<\/p>\n<\/div>\n<div class=\"box\">\n<h4><img decoding=\"async\" style=\"margin-left: 10px; border: 1px solid #aaa; padding: 3px; width: 30%; float: right;\" src=\"https:\/\/www.diekommitmanns.de\/soul_1\/data\/uploads\/venues\/zweischlingen_140.jpg\" alt=\"\" \/>Sa 13.02.2021\u00a0| Bielefeld<\/h4>\n<p><a href=\"https:\/\/www.zweischlingen-gastro.de\" target=\"_blank\" rel=\"noopener\">Zweischlingen<\/a><\/p>\n<p><strong>ACHTUNG<\/strong>:\u00a0Wegen Corona-Krise verschoben auf den\u00a012.02.2022<\/p>\n<p>Das traditionelle Konzert im angesagten<br \/>\nBielefelder Club, Quelle an der B 68<br \/>\nOsnabr\u00fccker Stra\u00dfe 200<br \/>\n33643 Bielefeld<br \/>\nFon 0521-4042059<\/p>\n<\/div>\n<div class=\"box\">\n<h4><a id=\"fb\" href=\"https:\/\/kulturzentrum-taufkirchen.de\/files\/bildergalerien\/raeumlichkeiten\/Bestuhlung_05.jpg\" rel=\"fb\"><img decoding=\"async\" style=\"margin-left: 10px; border: 1px solid #aaaaaa; padding: 3px; width: 30%; float: right;\" src=\"https:\/\/kulturzentrum-taufkirchen.de\/files\/bildergalerien\/raeumlichkeiten\/Bestuhlung_05.jpg\" alt=\"\" \/><\/a>Sa 27.02.2021\u00a0| Taufkirchen,Bayern<\/h4>\n<p><strong>&#8222;<a href=\"https:\/\/die-joe-cocker-story.de\" target=\"_blank\" rel=\"noopener\"><em>Die Joe Cocker Story<\/em><\/a>&#8222;<\/strong><br \/>\nDie Komm&#8217;Mit Mann!s goes Theater<\/p>\n<p><a href=\"http:\/\/www.kulturzentrum-taufkirchen.de\" target=\"_blank\" rel=\"noopener\">Kultur &amp; Kongress Zentrum<\/a>, K\u00f6glweg 5, 82024 Taufkirchen<\/p>\n<p><strong>ACHTUNG<\/strong>: wegen Corona-Krise verschoben auf den 06.03.2022<\/p>\n<\/div>\n<div class=\"box\">\n<h4><a id=\"fb\" href=\"https:\/\/static.wixstatic.com\/media\/2c8b2e_445d107ef87f44ff9174a48b8aa759d0~mv2_d_3491_1753_s_2.jpg\" rel=\"fb\"><img decoding=\"async\" style=\"margin-left: 10px; border: 1px solid #aaaaaa; padding: 3px; width: 30%; float: right;\" src=\"https:\/\/static.wixstatic.com\/media\/2c8b2e_445d107ef87f44ff9174a48b8aa759d0~mv2_d_3491_1753_s_2.jpg\" alt=\"\" \/><\/a>S0\u00a028.02.2021\u00a0| Regensburg<\/h4>\n<p><strong>&#8222;<a href=\"https:\/\/die-joe-cocker-story.de\" target=\"_blank\" rel=\"noopener\"><em>Die Joe Cocker Story<\/em><\/a>&#8222;<\/strong><br \/>\nDie Komm&#8217;Mit Mann!s goes Theater<\/p>\n<p>\u2192 <a href=\"https:\/\/www.eventhallairport.de\/\" target=\"_blank\" rel=\"noopener\">Eventhall Airport<\/a>, Ernst-Frenzel-Str. 16,<br \/>\n93083 OBERTRAUBLING<\/p>\n<p><strong>ACHTUNG<\/strong>: wegen Corona-Krise verschoben auf den 04.03.2022<\/p>\n<\/div>\n<div class=\"box\">\n<h4><a id=\"fb\" href=\"https:\/\/www.diekommitmanns.de\/soul_1\/data\/uploads\/cockershow-premiere-01.jpg\" rel=\"fb\"><img decoding=\"async\" style=\"margin-left: 10px; border: 1px solid #aaaaaa; padding: 3px; width: 30%; float: right;\" src=\"https:\/\/www.diekommitmanns.de\/soul_1\/data\/uploads\/cockershow-premiere-01.jpg\" alt=\"\" \/><\/a>Sa 06.03.2021\u00a0| Lennestadt<\/h4>\n<p><strong>&#8222;<a href=\"https:\/\/die-joe-cocker-story.de\" target=\"_blank\" rel=\"noopener\"><em>Die Joe Cocker Story<\/em><\/a>&#8222;<\/strong><br \/>\nDie Komm&#8217;Mit Mann!s goes Theater<\/p>\n<p>Kulturgemeinde Hundem-Lenne e. V.<br \/>\nTheater der Stadt Lennestadt, Anne-Frank-Platz 2,<br \/>\n57368\u00a0Lennestadt<\/p>\n<p>\u2192 <a href=\"https:\/\/www.kulturgemeinde-hundem-lenne.de\/programm\/spielzeit-2021\/die-joe-cocker-story-with-a-little-help\/\" target=\"_blank\" rel=\"noopener\">weitere\u00a0Infos<\/a>\u00a0 \u2192 <strong>ACHTUNG<\/strong>: f.a. wegen Corona-Krise<\/p>\n<\/div>\n<div class=\"box\">\n<h4><img decoding=\"async\" style=\"margin-left: 10px; border: 1px solid #aaaaaa; padding: 3px; width: 30%; float: right;\" src=\"https:\/\/www.diekommitmanns.de\/soul_1\/data\/uploads\/news\/hansa-theater-logo.jpg\" alt=\"\" \/>Fr 19.03.2021\u00a0| Dortmund<\/h4>\n<p><strong>&#8222;<a href=\"https:\/\/die-joe-cocker-story.de\" target=\"_blank\" rel=\"noopener\"><em>Die Joe Cocker Story<\/em><\/a>&#8222;<\/strong><br \/>\nDie Komm&#8217;Mit Mann!s goes Theater<\/p>\n<p>\u2192 mehr auf der <a href=\"https:\/\/www.diekommitmanns.de\/joecockerstory\/index.php\" target=\"_blank\" rel=\"noopener\">Homepage<\/a><\/p>\n<p>Beginn: 19:30 Uhr<\/p>\n<p>\u2192 <strong>ACHTUNG<\/strong>: f.a. wegen Corona-Krise<\/p>\n<\/div>\n<div class=\"box\">\n<h4><a id=\"fb\" href=\"https:\/\/www.diekommitmanns.de\/soul_1\/data\/uploads\/cockershow-premiere-01.jpg\" rel=\"fb\"><img decoding=\"async\" style=\"margin-left: 10px; border: 1px solid #aaaaaa; padding: 3px; width: 30%; float: right;\" src=\"https:\/\/www.diekommitmanns.de\/soul_1\/data\/uploads\/cockershow-premiere-01.jpg\" alt=\"\" \/><\/a>Sa 10.04.2021\u00a0| Bad sassendorf<\/h4>\n<p><strong>&#8222;<a href=\"https:\/\/die-joe-cocker-story.de\" target=\"_blank\" rel=\"noopener\"><em>Die Joe Cocker Story<\/em><\/a>&#8222;<\/strong><br \/>\nDie Komm&#8217;Mit Mann!s goes Theater<\/p>\n<p>Bad Sassendorf<\/p>\n<p><strong>ACHTUNG<\/strong>: wegen Corona-Krise verschoben auf den 14.01.2022<\/p>\n<\/div>\n<div class=\"box\">\n<h4><img decoding=\"async\" style=\"margin-left: 10px; border: 1px solid #aaaaaa; padding: 3px; width: 30%; float: right;\" src=\"https:\/\/www.diekommitmanns.de\/soul_1\/data\/uploads\/news\/hansa-theater-logo.jpg\" alt=\"\" \/>Sa 15.05.2021\u00a0| Dortmund<\/h4>\n<p><strong>&#8222;<a href=\"https:\/\/die-joe-cocker-story.de\" target=\"_blank\" rel=\"noopener\"><em>Die Joe Cocker Story<\/em><\/a>&#8222;<\/strong><br \/>\nDie Komm&#8217;Mit Mann!s goes Theater<\/p>\n<p>\u2192 mehr auf der <a href=\"https:\/\/www.diekommitmanns.de\/joecockerstory\/index.php\" target=\"_blank\" rel=\"noopener\">Homepage<\/a><\/p>\n<p>Beginn: 19:30 Uhr<\/p>\n<p>\u2192 <strong>ACHTUNG<\/strong>: f.a. wegen Corona-Krise<\/p>\n<\/div>\n<div class=\"box\">\n<h4><a id=\"fb\" href=\"https:\/\/www.diekommitmanns.de\/soul3\/wp-content\/uploads\/2024\/12\/DasWormser.jpg\" rel=\"fb\"><img decoding=\"async\" style=\"margin-left: 10px; border: 1px solid #aaaaaa; padding: 3px; width: 30%; float: right;\" src=\"https:\/\/www.diekommitmanns.de\/soul3\/wp-content\/uploads\/2024\/12\/DasWormser.jpg\" alt=\"\" \/><\/a>So 23.05.2021\u00a0| Worms<\/h4>\n<p><strong>&#8222;<a href=\"https:\/\/die-joe-cocker-story.de\" target=\"_blank\" rel=\"noopener\"><em>Die Joe Cocker Story<\/em><\/a>&#8222;<\/strong><br \/>\nDie Komm&#8217;Mit Mann!s goes Theater<\/p>\n<p>Rathenaustra\u00dfe 11,<br \/>\n67547 Worms \u2192 <a href=\"https:\/\/www.das-wormser.de\/das-wormser\/theater\/programmvorschau\/5722\/Die_Joe_Cocker_Story.php\" target=\"_blank\" rel=\"noopener\">Homepage<\/a><\/p>\n<p><strong>\u2192 ACHTUNG<\/strong>: wegen Corona-Krise verschoben auf Herbst 2022<\/p>\n<\/div>\n<div class=\"box\">\n<h4><a id=\"fb\" href=\"https:\/\/www.diekommitmanns.de\/soul_1\/data\/uploads\/cockershow-premiere-01.jpg\" rel=\"fb\"><img decoding=\"async\" style=\"margin-left: 10px; border: 1px solid #aaaaaa; padding: 3px; width: 30%; float: right;\" src=\"https:\/\/www.diekommitmanns.de\/soul_1\/data\/uploads\/cockershow-premiere-01.jpg\" alt=\"\" \/><\/a>Fr 13.08.2021\u00a0| Bocholt<\/h4>\n<p><strong>&#8222;<a href=\"https:\/\/die-joe-cocker-story.de\" target=\"_blank\" rel=\"noopener\"><em>Die Joe Cocker Story<\/em><\/a>&#8222;<\/strong><br \/>\nDie Komm&#8217;Mit Mann!s goes Theater<\/p>\n<p>&nbsp;<\/p>\n<p><strong>ACHTUNG<\/strong>: verschoben wegen Corona-Krise, Termin folgt<\/p>\n<\/div>\n<div class=\"box\">\n<h4><a id=\"fb\" href=\"https:\/\/www.diekommitmanns.de\/soul_1\/data\/uploads\/venues\/hauswitten-innen.jpg\" rel=\"fb\"><img decoding=\"async\" style=\"margin-left: 10px; border: 1px solid #aaa; padding: 3px; width: 30%; float: right;\" src=\"https:\/\/www.diekommitmanns.de\/soul_1\/data\/uploads\/venues\/hauswitten-innen.jpg\" alt=\"\" \/><\/a>Sa 14.08.2021\u00a0| Witten<\/h4>\n<p><a href=\"https:\/\/www.kulturforum-witten.de\/saalbauhauswitten\/veranstaltungen\/\" target=\"_blank\" rel=\"noopener\">KulturForum, Haus Witten<\/a><\/p>\n<p>Ruhrstra\u00dfe 86<br \/>\n58452 Witten<\/p>\n<p><strong>ACHTUNG<\/strong>: f\u00e4llt aus<\/p>\n<\/div>\n<div class=\"box\">\n<h4><a id=\"fb\" href=\"https:\/\/www.diekommitmanns.de\/soul_1\/data\/uploads\/cockershow-premiere-01.jpg\" rel=\"fb\"><img decoding=\"async\" style=\"margin-left: 10px; border: 1px solid #aaaaaa; padding: 3px; width: 30%; float: right;\" src=\"https:\/\/www.diekommitmanns.de\/soul_1\/data\/uploads\/cockershow-premiere-01.jpg\" alt=\"\" \/><\/a>Vorauss. Sa 16.10.2021\u00a0| Sta\u00dffurt<\/h4>\n<p><strong>&#8222;<a href=\"https:\/\/die-joe-cocker-story.de\" target=\"_blank\" rel=\"noopener\"><em>Die Joe Cocker Story<\/em><\/a>&#8222;<\/strong><br \/>\nDie Komm&#8217;Mit Mann!s goes Theater<\/p>\n<p>Sta\u00dffurt, <a href=\"https:\/\/www.salzlandtheater.de\" target=\"_blank\" rel=\"noopener\"><strong>Salzlandtheater<\/strong><\/a><\/p>\n<p>&#8212;&#8212;&#8212;&#8212;&#8212;&#8212;&#8212;&#8212;&#8212;&#8212;-<\/p>\n<p><strong>ACHTUNG<\/strong>: f\u00e4llt aus<\/p>\n<\/div>\n<div class=\"box\">\n<h4><a id=\"fb\" href=\"https:\/\/www.diekommitmanns.de\/soul_1\/data\/uploads\/cockershow-premiere-01.jpg\" rel=\"fb\"><img decoding=\"async\" style=\"margin-left: 10px; border: 1px solid #aaaaaa; padding: 3px; width: 30%; float: right;\" src=\"https:\/\/www.ziggyhorn.de\/wp-content\/uploads\/2021\/03\/logo2021.png\" alt=\"\" \/><\/a>So\u00a007.11.2021\u00a0| Dresden<\/h4>\n<p><strong>&#8222;<a href=\"https:\/\/die-joe-cocker-story.de\" target=\"_blank\" rel=\"noopener\"><em>Die Joe Cocker Story<\/em><\/a>&#8222;<\/strong><br \/>\nDie Komm&#8217;Mit Mann!s goes Theater<\/p>\n<p><a href=\"https:\/\/www.jazztage-dresden.de\/de\/programm\/veranstaltung\/die_joe_cocker_story\/\" target=\"_blank\" rel=\"noopener\">Jazztage Dresden \u2013 Ostra Dome<\/a><\/p>\n<p>Ostra-Dome<br \/>\nZur Messe 9 A, 01067 Dresden<\/p>\n<p>&nbsp;<\/p>\n<p><strong>ACHTUNG<\/strong>: f\u00e4llt aus<\/p>\n<\/div>\n<div class=\"box\">\n<h4><img decoding=\"async\" style=\"margin-left: 10px; border: 1px solid #aaaaaa; padding: 3px; width: 30%; float: right;\" src=\"https:\/\/www.diekommitmanns.de\/soul_1\/data\/uploads\/news\/hansa-theater-logo.jpg\" alt=\"\" \/>fr 19.11.2021\u00a0| Dortmund<\/h4>\n<p><strong>&#8222;<a href=\"https:\/\/die-joe-cocker-story.de\" target=\"_blank\" rel=\"noopener\"><em>Die Joe Cocker Story<\/em><\/a>&#8222;<\/strong><br \/>\nDie Komm&#8217;Mit Mann!s goes Theater<\/p>\n<p><strong>ACHTUNG<\/strong>: f\u00e4llt aus<\/p>\n<\/div>\n<div class=\"box\">\n<h4>So 19.12.2021\u00a0| Bochum<\/h4>\n<p><img decoding=\"async\" style=\"margin-left: 10px; border: 1px solid #d8e0f3; padding: 5px; float: right; width: 30%;\" src=\"https:\/\/www.diekommitmanns.de\/soul_1\/data\/uploads\/venues\/bahnhof_langendreer_800.jpg\" alt=\"\" \/><a href=\"https:\/\/bahnhof-langendreer.de\" target=\"_blank\" rel=\"noopener\">Bahnhof Langendreer<\/a><\/p>\n<p>&#8230; das traditionelle Konzert in Bochum<br \/>\nkurz vor Weihnachten!!<\/p>\n<p>Wallbaumweg 108<br \/>\n44894 Bochum<br \/>\nTel 0234 \/ 687 16 10<\/p>\n<p>\u2192 <strong>ACHTUNG<\/strong>: f\u00e4llt aus<\/p>\n<\/div>\n<div class=\"box\">\n<p style=\"text-align: center;\"><span style=\"font-size: 24pt;\">2022<\/span><\/p>\n<\/div>\n<div class=\"box\">\n<h4><a id=\"fb\" href=\"https:\/\/www.diekommitmanns.de\/soul_1\/data\/uploads\/cockershow-premiere-01.jpg\" rel=\"fb\"><img decoding=\"async\" style=\"margin-left: 10px; border: 1px solid #aaaaaa; padding: 3px; width: 30%; float: right;\" src=\"https:\/\/www.diekommitmanns.de\/soul_1\/data\/uploads\/cockershow-premiere-01.jpg\" alt=\"\" \/><\/a>Fr 14.01.2022\u00a0| Bad sassendorf<\/h4>\n<p><strong>&#8222;<a href=\"https:\/\/die-joe-cocker-story.de\" target=\"_blank\" rel=\"noopener\"><em>Die Joe Cocker Story<\/em><\/a>&#8222;<\/strong><br \/>\nDie Komm&#8217;Mit Mann!s goes Theater<\/p>\n<p>Tagungs- und Kongresszentrum BAD SASSENDORF GMBH<\/p>\n<p><a href=\"http:\/\/WWW.TUK-BADSASSENDORF.DE\" target=\"_blank\" rel=\"noopener\">WWW.TUK-BADSASSENDORF.DE<\/a><\/p>\n<p>59505 BAD SASSENDORF, Eichendorffst.2<\/p>\n<p>\u2192 <strong>ACHTUNG<\/strong>: f\u00e4llt aus<\/p>\n<\/div>\n<div class=\"box\">\n<h4><a id=\"fb\" href=\"https:\/\/www.diekommitmanns.de\/soul_1\/data\/uploads\/cockershow-premiere-01.jpg\" rel=\"fb\"><img decoding=\"async\" style=\"margin-left: 10px; border: 1px solid #aaaaaa; padding: 3px; width: 30%; float: right;\" src=\"https:\/\/www.diekommitmanns.de\/soul_1\/data\/uploads\/cockershow-premiere-01.jpg\" alt=\"\" \/><\/a>Fr 04.02.2022\u00a0| Potsdam<\/h4>\n<p><strong>&#8222;<a href=\"https:\/\/die-joe-cocker-story.de\" target=\"_blank\" rel=\"noopener\"><em>Die Joe Cocker Story<\/em><\/a>&#8222;<\/strong><br \/>\nDie Komm&#8217;Mit Mann!s goes Theater<\/p>\n<p>Stahnsdorfer Stra\u00dfe 76,<br \/>\n\u2192 <a href=\"https:\/\/www.lindenpark.de\" target=\"_blank\" rel=\"noopener\">Kulturzentrum Lindenpark<\/a><\/p>\n<p>\u2192 <strong>ACHTUNG<\/strong>: f\u00e4llt aus<\/p>\n<\/div>\n<div class=\"box\">\n<h4><a id=\"fb\" href=\"https:\/\/www.diekommitmanns.de\/soul_1\/data\/uploads\/cockershow-premiere-01.jpg\" rel=\"fb\"><img decoding=\"async\" style=\"margin-left: 10px; border: 1px solid #aaaaaa; padding: 3px; width: 30%; float: right;\" src=\"https:\/\/www.diekommitmanns.de\/soul_1\/data\/uploads\/cockershow-premiere-01.jpg\" alt=\"\" \/><\/a>Sa 05.02.2022\u00a0| Schleswig<\/h4>\n<p><strong>&#8222;<a href=\"https:\/\/die-joe-cocker-story.de\" target=\"_blank\" rel=\"noopener\"><em>Die Joe Cocker Story<\/em><\/a>&#8222;<\/strong><br \/>\nDie Komm&#8217;Mit Mann!s goes Theater<\/p>\n<p>Heimat- Raum F\u00fcr Unterhaltung<br \/>\nAuf der Freiheit, Geb\u00e4ude 86, 24837 Schleswig<\/p>\n<p>\u2192 <a href=\"https:\/\/www.heimat-freiheit.de\" target=\"_blank\" rel=\"noopener\">Homepage<\/a><\/p>\n<p>\u2192 <strong>ACHTUNG<\/strong>: f\u00e4llt aus<\/p>\n<\/div>\n<div class=\"box\">\n<h4><img decoding=\"async\" style=\"margin-left: 10px; border: 1px solid #aaaaaa; padding: 3px; width: 30%; float: right;\" src=\"https:\/\/www.diekommitmanns.de\/soul_1\/data\/uploads\/news\/hansa-theater-logo.jpg\" alt=\"\" \/>fr 11.02.2022\u00a0| Dortmund<\/h4>\n<p><strong>&#8222;<a href=\"https:\/\/die-joe-cocker-story.de\" target=\"_blank\" rel=\"noopener\"><em>Die Joe Cocker Story<\/em><\/a>&#8222;<\/strong><br \/>\nDie Komm&#8217;Mit Mann!s goes Theater<\/p>\n<p>\u2192 mehr auf der <a href=\"https:\/\/www.diekommitmanns.de\/joecockerstory\/index.php\" target=\"_blank\" rel=\"noopener\">Homepage<\/a><\/p>\n<p>Beginn: 19:30 Uhr<\/p>\n<p>\u2192 <strong>ACHTUNG<\/strong>: f\u00e4llt aus<\/p>\n<\/div>\n<div class=\"box\">\n<h4><img decoding=\"async\" style=\"margin-left: 10px; border: 1px solid #aaa; padding: 3px; width: 30%; float: right;\" src=\"https:\/\/www.diekommitmanns.de\/soul_1\/data\/uploads\/venues\/zweischlingen_140.jpg\" alt=\"\" \/>Sa 12.02.2022\u00a0| Bielefeld<\/h4>\n<p><a href=\"https:\/\/www.zweischlingen-gastro.de\" target=\"_blank\" rel=\"noopener\">Zweischlingen<\/a><\/p>\n<p>Das traditionelle Konzert im angesagten<br \/>\nBielefelder Club, Quelle an der B 68<br \/>\nOsnabr\u00fccker Stra\u00dfe 200<br \/>\n33643 Bielefeld<br \/>\nFon 0521-4042059<\/p>\n<p>\u2192 <strong>ACHTUNG<\/strong>: f\u00e4llt aus<\/p>\n<\/div>\n<div class=\"box\">\n<h4><a id=\"fb\" href=\"https:\/\/static.wixstatic.com\/media\/2c8b2e_445d107ef87f44ff9174a48b8aa759d0~mv2_d_3491_1753_s_2.jpg\" rel=\"fb\"><img decoding=\"async\" style=\"margin-left: 10px; border: 1px solid #aaaaaa; padding: 3px; width: 30%; float: right;\" src=\"https:\/\/static.wixstatic.com\/media\/2c8b2e_445d107ef87f44ff9174a48b8aa759d0~mv2_d_3491_1753_s_2.jpg\" alt=\"\" \/><\/a>Fr 04.03.2022\u00a0| Regensburg<\/h4>\n<p><strong>&#8222;<a href=\"https:\/\/die-joe-cocker-story.de\" target=\"_blank\" rel=\"noopener\"><em>Die Joe Cocker Story<\/em><\/a>&#8222;<\/strong><br \/>\nDie Komm&#8217;Mit Mann!s goes Theater<\/p>\n<p>\u2192 <a href=\"https:\/\/www.eventhallairport.de\/\" target=\"_blank\" rel=\"noopener\">Eventhall Airport<\/a>,<\/p>\n<p>Ernst-Frenzel-Str. 16, 93083 OBERTRAUBLING<br \/>\n\u2192 <strong>ACHTUNG<\/strong>: f\u00e4llt aus<\/p>\n<\/div>\n<div class=\"box\">\n<h4><a id=\"fb\" href=\"https:\/\/kulturzentrum-taufkirchen.de\/files\/bildergalerien\/raeumlichkeiten\/Bestuhlung_05.jpg\" rel=\"fb\"><img decoding=\"async\" style=\"margin-left: 10px; border: 1px solid #aaaaaa; padding: 3px; width: 30%; float: right;\" src=\"https:\/\/kulturzentrum-taufkirchen.de\/files\/bildergalerien\/raeumlichkeiten\/Bestuhlung_05.jpg\" alt=\"\" \/><\/a>So\u00a006.03.2022\u00a0| Taufkirchen, Bayern<\/h4>\n<p><strong>&#8222;<a href=\"https:\/\/die-joe-cocker-story.de\" target=\"_blank\" rel=\"noopener\"><em>Die Joe Cocker Story<\/em><\/a>&#8222;<\/strong><br \/>\nDie Komm&#8217;Mit Mann!s goes Theater<br \/>\n\u2192 <a href=\"http:\/\/www.kulturzentrum-taufkirchen.de\" target=\"_blank\" rel=\"noopener\">Kultur &amp; Kongress Zentrum<\/a>,<\/p>\n<p>K\u00f6glweg 5, 82024 Taufkirchen<\/p>\n<p>\u2192 <strong>ACHTUNG<\/strong>: f\u00e4llt aus<\/p>\n<\/div>\n<div class=\"box\">\n<h4><img decoding=\"async\" style=\"margin-left: 10px; border: 1px solid #aaaaaa; padding: 3px; width: 30%; float: right;\" src=\"https:\/\/www.diekommitmanns.de\/soul_1\/data\/uploads\/news\/hansa-theater-logo.jpg\" alt=\"\" \/>fr 29.04.2022\u00a0| Dortmund<\/h4>\n<p><strong>&#8222;<a href=\"https:\/\/die-joe-cocker-story.de\" target=\"_blank\" rel=\"noopener\"><em>Die Joe Cocker Story<\/em><\/a>&#8222;<\/strong><br \/>\nDie Komm&#8217;Mit Mann!s goes Theater<\/p>\n<p>\u2192 mehr auf der <a href=\"https:\/\/www.diekommitmanns.de\/joecockerstory\/index.php\" target=\"_blank\" rel=\"noopener\">Homepage<\/a><\/p>\n<p>Beginn: 19:30 Uhr<\/p>\n<p>\u2192 <strong>ACHTUNG<\/strong>: f\u00e4llt aus<\/p>\n<\/div>\n<div class=\"box\">\n<h4><img decoding=\"async\" style=\"margin-left: 10px; border: 1px solid #aaaaaa; padding: 3px; width: 30%; float: right;\" src=\"https:\/\/www.diekommitmanns.de\/soul_1\/data\/uploads\/news\/hansa-theater-logo.jpg\" alt=\"\" \/>sa 11.06.2022\u00a0| Dortmund<\/h4>\n<p><strong>&#8222;<a href=\"https:\/\/die-joe-cocker-story.de\" target=\"_blank\" rel=\"noopener\"><em>Die Joe Cocker Story<\/em><\/a>&#8222;<\/strong><br \/>\nDie Komm&#8217;Mit Mann!s goes Theater<\/p>\n<p>\u2192 mehr auf der <a href=\"https:\/\/www.diekommitmanns.de\/joecockerstory\/index.php\" target=\"_blank\" rel=\"noopener\">Homepage<\/a><\/p>\n<p>Beginn: 19:30 Uhr<\/p>\n<p>\u2192 <strong>ACHTUNG<\/strong>: f\u00e4llt aus<\/p>\n<\/div>\n<div class=\"box\">\n<h4>Do 04.08.2022 | Iserlohn<\/h4>\n<p>\u2192 Iserlohner Sommern\u00e4chte<br \/>\nGenuss Pur.\u00a0Iserlohn kulinarisch<\/p>\n<p>Fritz-K\u00fchn-Platz<br \/>\nIserlohn<br \/>\nab 20:00 Uhr<\/p>\n<p>&nbsp;<\/p>\n<p>&nbsp;<\/p>\n<\/div>\n<div class=\"box\">\n<h4><a id=\"fb\" href=\"http:\/\/www.diekommitmanns.de\/soul_1\/data\/uploads\/venues\/hauswitten-innen.jpg\"><img decoding=\"async\" style=\"margin-left: 10px; border: 1px solid #aaa; padding: 3px; width: 30%; float: right;\" src=\"http:\/\/www.diekommitmanns.de\/soul_1\/data\/uploads\/venues\/hauswitten-innen.jpg\" alt=\"\" \/><\/a>Sa 13.08.2022 | Witten<\/h4>\n<p><a href=\"https:\/\/www.kulturforum-witten.de\/saalbauhauswitten\/veranstaltungen\/events\/single\/?tx_citkoevents3_events%5Bevent_id%5D=143434&amp;tx_citkoevents3_events%5Bpage%5D=0&amp;tx_citkoevents3_events%5Borderfield%5D=term.term_day&amp;tx_citkoevents3_events%5Borderby%5D=asc&amp;tx_citkoevents3_events%5Bstring%5D=komm&amp;tx_citkoevents3_events%5Bdate_from%5D=&amp;tx_citkoevents3_events%5Bdate_to%5D=&amp;tx_citkoevents3_events%5Bcalendar_id%5D=&amp;tx_citkoevents3_events%5Bcategory_id%5D=0&amp;tx_citkoevents3_events%5Btag_id%5D=&amp;tx_citkoevents3_events%5Bfixcategory_id%5D=&amp;tx_citkoevents3_events%5Bort_id%5D=&amp;tx_citkoevents3_events%5Bveranstalter_id%5D=&amp;tx_citkoevents3_events%5Bwhitelist_client_ids%5D=&amp;cHash=c04845b332966c03b79188c4b08c6b0d\" target=\"_blank\" rel=\"noopener\">KulturForum, Haus Witten<\/a>\u00a0&#8211;\u00a0\u00a0Innenhof<\/p>\n<p>Ruhrstra\u00dfe 86<br \/>\n58452 Witten<br \/>\n<a href=\"http:\/\/www.haus-witten.de\" target=\"_blank\" rel=\"noopener\">http:\/\/www.haus-witten.de<\/a><\/p>\n<p>VVK: Karten k\u00f6nnen sie reservieren unter 02302 581 2441 oder saalbaukasse@stadt-witten.de<\/p>\n<\/div>\n<div class=\"box\">\n<h4><img decoding=\"async\" style=\"margin-left: 10px; border: 1px solid #aaaaaa; padding: 3px; width: 30%; float: right;\" src=\"https:\/\/www.diekommitmanns.de\/soul_1\/data\/uploads\/news\/hansa-theater-logo.jpg\" alt=\"\" \/>sa 24.09.2022\u00a0| Dortmund<\/h4>\n<p><strong>&#8222;<a href=\"https:\/\/die-joe-cocker-story.de\" target=\"_blank\" rel=\"noopener\"><em>Die Joe Cocker Story<\/em><\/a>&#8222;<\/strong><br \/>\nDie Komm&#8217;Mit Mann!s goes Theater<\/p>\n<p>\u2192 mehr auf der <a href=\"https:\/\/www.diekommitmanns.de\/joecockerstory\/index.php\" target=\"_blank\" rel=\"noopener\">Homepage<\/a><\/p>\n<p>Beginn: 19:30 Uhr<br \/>\n<a href=\"https:\/\/www.hansa-theater-hoerde.de\/event\/die-joe-cocker-story\/\" target=\"_blank\" rel=\"noopener\">Hansa-Theater-H\u00f6rde<\/a><br \/>\nEckardtstr. 4a, 44263 Dortmund, Tel: 0231-941474<\/p>\n<\/div>\n<div class=\"box\">\n<h4>So 18.12.2022\u00a0| Bochum<\/h4>\n<p><img decoding=\"async\" style=\"margin-left: 10px; border: 1px solid #d8e0f3; padding: 5px; float: right; width: 30%;\" src=\"http:\/\/www.diekommitmanns.de\/soul_1\/data\/uploads\/venues\/bahnhof_langendreer_800.jpg\" alt=\"\" \/><a href=\"http:\/\/bahnhof-langendreer.de\" target=\"_blank\" rel=\"noopener\">Bahnhof Langendreer<\/a><\/p>\n<p><strong>!! ACHTUNG !!<br \/>\nKrankheitsbedingt muss die Veranstaltung leider auf den 08.01.2023 verlegt werden. Alle bereits gekauften Tickets behalten ihre G\u00fcltigkeit!<\/strong><\/p>\n<p>&#8230; das traditionelle Konzert in Bochum<br \/>\nkurz vor Weihnachten!!<\/p>\n<p>Wallbaumweg 108<br \/>\n44894 Bochum<br \/>\nTel 0234 \/ 687 16 10<\/p>\n<\/div>\n<p><!-- TELGTE ------------------------------\n\n\n<div class=\"box\">\n\n\n<h4><a href=\"https:\/\/www.diekommitmanns.de\/soul_1\/data\/uploads\/cockershow-premiere-01.jpg\" id=\"fb\" rel=\"fb\"><img decoding=\"async\" alt=\"\" src=\"https:\/\/www.diekommitmanns.de\/soul_1\/data\/uploads\/cockershow-premiere-01.jpg\" style=\"margin-left: 10px; border: 1px solid rgb(170, 170, 170); padding: 3px; width: 30%; float: right;\" \/><\/a>Sa 31.10.2020&nbsp;| Telgte<\/h4>\n\n\n<strong>\"<a href=\"https:\/\/die-joe-cocker-story.de\" target=\"_blank\" rel=\"noopener\"><em>Die Joe Cocker Story<\/em><\/a>\"<\/strong>\nDie Komm'Mit Mann!s goes Theater\n\nTelgte - B\u00fcrgerhaus ?&nbsp;<a href=\"https:\/\/www.telgte.de\/events\/detail.php?menuid=341&amp;topmenu=5&amp;keepmenu=0&amp;eventid=2127\" target=\"_blank\" rel=\"noopener\">weitere&nbsp;Infos<\/a>\n\n&nbsp;\n\n<\/div>\n\n\n--><\/p>\n<div class=\"box\">\n<p style=\"text-align: center;\"><span style=\"font-size: 24pt;\">2023<\/span><\/p>\n<\/div>\n<div class=\"box\">\n<h4>So 08.01.2023\u00a0| Bochum<\/h4>\n<p><img decoding=\"async\" style=\"margin-left: 10px; border: 1px solid #d8e0f3; padding: 5px; float: right; width: 30%;\" src=\"http:\/\/www.diekommitmanns.de\/soul_1\/data\/uploads\/venues\/bahnhof_langendreer_800.jpg\" alt=\"\" \/><a href=\"http:\/\/bahnhof-langendreer.de\" target=\"_blank\" rel=\"noopener\">Bahnhof Langendreer<\/a><\/p>\n<p>&#8230; WIR STARTEN\u00a0MIT SOUL INS NEUE JAHR!<\/p>\n<p>Wallbaumweg 108<br \/>\n44894 Bochum<br \/>\nTel 0234 \/ 687 16 10<\/p>\n<p>&nbsp;<\/p>\n<\/div>\n<div class=\"box\">\n<h4><img decoding=\"async\" style=\"margin-left: 10px; border: 1px solid #aaaaaa; padding: 3px; width: 30%; float: right;\" src=\"https:\/\/www.diekommitmanns.de\/soul3\/wp-content\/uploads\/2024\/12\/DasWormser.jpg\" alt=\"\" \/>Sa 14.01.2023 | Worms<\/h4>\n<p><strong>&#8222;<a href=\"https:\/\/die-joe-cocker-story.de\" target=\"_blank\" rel=\"noopener\"><em>Die Joe Cocker Story<\/em><\/a>&#8222;<\/strong><br \/>\nDie Komm&#8217;Mit Mann!s goes Theater<\/p>\n<p><a href=\"https:\/\/www.das-wormser.de\/das-wormser\/theater\/programmvorschau\/5958\/Die_Joe_Cocker_Story.php\" target=\"_blank\" rel=\"noopener\">DAS WORMSER<\/a>,\u00a0Theater,<br \/>\nKultur- und Tagungszentrum Worms,<\/p>\n<p>Rathenaustr. 11, 67547 Worms<\/p>\n<\/div>\n<div class=\"box\">\n<h4><img decoding=\"async\" style=\"margin-left: 10px; border: 1px solid #aaaaaa; padding: 3px; width: 30%; float: right;\" src=\"https:\/\/www.diekommitmanns.de\/soul_1\/data\/uploads\/news\/hansa-theater-logo.jpg\" alt=\"\" \/>Fr 20.01.2023\u00a0| Dortmund<\/h4>\n<p><strong>&#8222;<a href=\"https:\/\/www.diekommitmanns.de\/joecockerstory\/\" target=\"_blank\" rel=\"noopener\"><em>Die Joe Cocker Story<\/em><\/a>&#8222;<\/strong><br \/>\nDie Komm&#8217;Mit Mann!s goes Theater<\/p>\n<p>\u2192 mehr auf der <a href=\"https:\/\/www.diekommitmanns.de\/joecockerstory\/index.php\" target=\"_blank\" rel=\"noopener\">Homepage<\/a><\/p>\n<p>Beginn: 19:30 Uhr<br \/>\n<a href=\"https:\/\/www.hansa-theater-hoerde.de\/event\/die-joe-cocker-story\/\" target=\"_blank\" rel=\"noopener\">Hansa-Theater-H\u00f6rde<\/a><br \/>\nEckardtstr. 4a, 44263 Dortmund, Tel: 0231-941474<\/p>\n<\/div>\n<div class=\"box\">\n<h4><img decoding=\"async\" style=\"margin-left: 10px; padding: 3px; width: 20%; float: right;\" src=\"https:\/\/www.kulturgemeinde-hundem-lenne.de\/fileadmin\/templates\/kulturgemeinde\/assets\/img\/logo.png\" alt=\"\" \/>Sa 11.03.2023 | Lennestadt<\/h4>\n<p><strong>\u201e<a href=\"http:\/\/die-joe-cocker-story.de\" target=\"_blank\" rel=\"noopener\"><em>Die Joe Cocker Story<\/em><\/a>\u201e<\/strong><br \/>\nDie Komm\u2019Mit Mann!s goes Theater<\/p>\n<p>&nbsp;<\/p>\n<p>Kulturgemeinde Hundem-Lenne e. V.<br \/>\n<a href=\"https:\/\/www.kulturgemeinde-hundem-lenne.de\/programm\/spielzeit-2223\/die-joe-cocker-story-with-a-little-help\/\" target=\"_blank\" rel=\"noopener\">Theater der Stadt Lennestadt<\/a><br \/>\nAnne-Frank-Platz 2, 57368 Lennestadt<\/p>\n<p>&nbsp;<\/p>\n<\/div>\n<div class=\"box\">\n<h4><img decoding=\"async\" style=\"margin-left: 10px; border: 1px solid #aaaaaa; padding: 3px; width: 30%; float: right;\" src=\"http:\/\/www.diekommitmanns.de\/soul_1\/data\/uploads\/news\/hansa-theater-logo.jpg\" alt=\"\" \/>Fr 24.03.2023 | Dortmund<\/h4>\n<p><strong>\u201e<a href=\"https:\/\/www.diekommitmanns.de\/joecockerstory\/\" target=\"_blank\" rel=\"noopener\"><em>Die Joe Cocker Story<\/em><\/a>\u201e<\/strong><br \/>\nDie Komm\u2019Mit Mann!s goes Theater<\/p>\n<p><a href=\"https:\/\/www.hansa-theater-hoerde.de\/event\/die-joe-cocker-story\/\" target=\"_blank\" rel=\"noopener\">Hansa-Theater-H\u00f6rde<\/a><br \/>\nEckardtstr. 4a, 44263 Dortmund, Tel: 0231-941474<\/p>\n<\/div>\n<div class=\"box\">\n<h4><img decoding=\"async\" style=\"margin-left: 10px; border: 1px solid #aaaaaa; padding: 3px; width: 30%; float: right;\" src=\"https:\/\/kulturzentrum-taufkirchen.de\/files\/bildergalerien\/raeumlichkeiten\/Bestuhlung_05.jpg\" alt=\"\" \/>Sa 29.04.2023 | Taufkirchen<\/h4>\n<p><strong>\u201e<a href=\"http:\/\/die-joe-cocker-story.de\" target=\"_blank\" rel=\"noopener\"><em>Die Joe Cocker Story<\/em><\/a>\u201e<\/strong><br \/>\nDie Komm\u2019Mit Mann!s goes Theater<br \/>\nTaufkirchen, Bayern,<br \/>\n<a href=\"https:\/\/kulturzentrum-taufkirchen.de\/home.html\" target=\"_blank\" rel=\"noopener\">Kultur &amp; Kongress Zentrum<\/a>, K\u00f6glweg 5<\/p>\n<p>Beginn: 20:00 Uhr<br \/>\nGro\u00dfer Saal | Bestuhlung an runden Tischen | Abendkasse: 19:00 Uhr<\/p>\n<\/div>\n<div class=\"box\">\n<h4><img decoding=\"async\" style=\"margin-left: 10px; border: 1px solid #aaaaaa; padding: 3px; width: 30%; float: right;\" src=\"http:\/\/www.diekommitmanns.de\/soul_1\/data\/uploads\/news\/hansa-theater-logo.jpg\" alt=\"\" \/>Fr 05.05.2023 | Dortmund<\/h4>\n<p><strong>\u201e<a href=\"https:\/\/www.diekommitmanns.de\/joecockerstory\/\" target=\"_blank\" rel=\"noopener\"><em>Die Joe Cocker Story<\/em><\/a>\u201e<\/strong><br \/>\nDie Komm\u2019Mit Mann!s goes Theater<\/p>\n<p><a href=\"http:\/\/www.hansa-theater-hoerde.de\/the-joe-cocker-story\/\" target=\"_blank\" rel=\"noopener\">Hansa-Theater-H\u00f6rde<\/a><br \/>\nEckardtstr. 4a, 44263 Dortmund, Tel: 0231-941474<\/p>\n<\/div>\n<div class=\"box\">\n<h4><img decoding=\"async\" style=\"margin-left: 10px; border: 1px solid #aaaaaa; padding: 3px; width: 30%; float: right;\" src=\"https:\/\/kulturwunder-puddelei.de\/wp-content\/uploads\/2023\/02\/Save_the_date-scaled.jpg\" alt=\"\" \/>So\u00a014.05.2023\u00a0| Dortmund<\/h4>\n<p>&nbsp;<\/p>\n<p><strong>2. Hombrucher Kulturfr\u00fchling<\/strong><br \/>\nMarktplatz Hombruch<\/p>\n<p><em>Stadtteilfests mit Bands, Stra\u00dfentheater, Open-Air-Galerie und Social Dancing!\u00a0<\/em><\/p>\n<p>Beginn: 15:00 Uhr<\/p>\n<p>\u2192 <a href=\"https:\/\/kulturwunder-puddelei.de\/kulturfruehling-hombruch\/\" target=\"_blank\" rel=\"noopener\">mehr Infos<\/a><\/p>\n<p>&nbsp;<\/p>\n<\/div>\n<div class=\"box\">\n<h4><img decoding=\"async\" style=\"margin-left: 10px; border: 1px solid #aaaaaa; padding: 3px; width: 30%; float: right;\" src=\"https:\/\/www.diekommitmanns.de\/soul_1\/data\/uploads\/cockershow-premiere-01.jpg\" alt=\"\" \/>Sa 20.05.2023\u00a0| Bocholt<\/h4>\n<p><em><strong>&#8222;Die Joe Cocker Story&#8220;<\/strong><\/em><br \/>\nDie Komm&#8217;Mit Mann!s goes Theater<\/p>\n<p>Dochdu &#8211; TextilWerk, Industriestr. 5<br \/>\nBocholt, Germany, <a href=\"https:\/\/www.stadttheater-bocholt.de\/neue-spielstaette-drosselsaal\/\" target=\"_blank\" rel=\"noopener\">Drosselsaal<\/a><\/p>\n<p>&#8230; <a href=\"https:\/\/www.dochdu.info\/news.html\" target=\"_blank\" rel=\"noopener\">mehr Infos<\/a><\/p>\n<p><!--\t<a href=\"https:\/\/www.eventbrite.de\/e\/3-dochdu-freiluftfestival-die-joe-cocker-story-tickets-296833345527?aff=ebdssbdestsearch\" target=\"_blank\" rel=\"noopener\"><img decoding=\"async\" alt=\"\" src=\"https:\/\/www.diekommitmanns.de\/joecockerstory\/data\/uploads\/ticket-dochdu.jpg\" style=\"margin-left: 10px; border: 1px solid rgb(170, 170, 170); padding: 3px; width: 30%; float: right;\" \/><\/a> --> \u2192 <a href=\"https:\/\/www.eventbrite.de\/e\/die-joe-cocker-story-tickets-514064218917\" target=\"_blank\" rel=\"noopener\">Tickets kaufen bei Eventbrite<\/a><\/p>\n<p><img decoding=\"async\" style=\"width: 200px; height: 111px;\" src=\"https:\/\/www.dochdu.info\/typo3conf\/ext\/dochdu\/Resources\/Public\/Images\/dochdu-kult-und-ko.png\" alt=\"\" \/><\/p>\n<p>&nbsp;<\/p>\n<\/div>\n<div class=\"box\">\n<h4><img decoding=\"async\" style=\"margin-left: 10px; border: 1px solid #aaaaaa; padding: 3px; width: 30%; float: right;\" src=\"https:\/\/schlossamecke.de\/wp-content\/uploads\/2018\/07\/IMG_9168_1067x800.jpg\" alt=\"\" \/>Sa 17.06.2023\u00a0| Amecke\/Sundern<\/h4>\n<p>&nbsp;<\/p>\n<p><a href=\"https:\/\/schlossamecke.de\/\" target=\"_blank\" rel=\"noopener\">Schloss Amecke<\/a>\u00a0am Sorpesee<\/p>\n<p>Haus Amecke, Am Golfplatz<br \/>\n59846 Sundern<br \/>\n<span style=\"font-size: 18px;\"><span style=\"color: #ff8c00;\">\u00a0<\/span><\/span><\/p>\n<p><a href=\"https:\/\/www.diekommitmanns.de\/soul_1\/data\/uploads\/karten-kmms-amecke23.jpg\" rel=\"fb\"><img decoding=\"async\" id=\"\" style=\"margin-left: 10px; border: 1px solid #d8e0f3; padding: 5px; width: 20%;\" src=\"https:\/\/www.diekommitmanns.de\/soul_1\/data\/uploads\/karten-kmms-amecke23.jpg\" alt=\"Karten Amecke\" \/><\/a><\/p>\n<\/div>\n<div class=\"box\">\n<h4><img decoding=\"async\" style=\"margin-left: 10px; border: 1px solid #aaaaaa; padding: 3px; width: 30%; float: right;\" src=\"http:\/\/www.diekommitmanns.de\/soul_1\/data\/uploads\/news\/hansa-theater-logo.jpg\" alt=\"\" \/>Fr 23.06.2023 | Dortmund<\/h4>\n<p><strong>\u201e<a href=\"https:\/\/www.diekommitmanns.de\/joecockerstory\/\" target=\"_blank\" rel=\"noopener\"><em>Die Joe Cocker Story<\/em><\/a>\u201e<\/strong><br \/>\nDie Komm\u2019Mit Mann!s goes Theater<\/p>\n<p><a href=\"https:\/\/www.hansa-theater-hoerde.de\/event\/die-joe-cocker-story\/\" target=\"_blank\" rel=\"noopener\">Hansa-Theater-H\u00f6rde<\/a><br \/>\nEckardtstr. 4a, 44263 Dortmund, Tel: 0231-941474<\/p>\n<\/div>\n<div class=\"box\">\n<h4><a id=\"fb\" href=\"https:\/\/www.diekommitmanns.de\/soul_1\/data\/uploads\/venues\/hauswitten-innen.jpg\" rel=\"fb\"><img decoding=\"async\" style=\"margin-left: 10px; border: 1px solid #aaa; padding: 3px; width: 30%; float: right;\" src=\"https:\/\/www.diekommitmanns.de\/soul_1\/data\/uploads\/venues\/hauswitten-innen.jpg\" alt=\"\" \/><\/a>Sa 12.08.2023\u00a0| Witten<\/h4>\n<p><a href=\"https:\/\/www.kulturforum-witten.de\/saalbauhauswitten\/veranstaltungen\/\" target=\"_blank\" rel=\"noopener\">KulturForum, Haus Witten<\/a><\/p>\n<p>Ruhrstra\u00dfe 86<br \/>\n58452 Witten<\/p>\n<p>&nbsp;<\/p>\n<\/div>\n<div class=\"box\">\n<h4><a id=\"fb\" href=\"#\" rel=\"fb\"><img decoding=\"async\" style=\"margin-left: 10px; border: 1px solid #aaaaaa; padding: 3px; width: 30%; float: right;\" src=\"https:\/\/www.ziggyhorn.de\/wp-content\/uploads\/2023\/11\/GenussPurIserlohn.jpg\" alt=\"\" \/><\/a>Fr 18.08.2023\u00a0| Iserlohn<\/h4>\n<p>\u2192 Iserlohner Sommern\u00e4chte<br \/>\nGenuss Pur.\u00a0Iserlohn kulinarisch<\/p>\n<p>Fritz-K\u00fchn-Platz<br \/>\nIserlohn<br \/>\nab 20:00 Uhr<\/p>\n<p>&nbsp;<\/p>\n<p>&nbsp;<\/p>\n<\/div>\n<div class=\"box\">\n<h4><a id=\"fb\" href=\"#\" rel=\"fb\"><img decoding=\"async\" style=\"margin-left: 10px; border: 1px solid #aaaaaa; padding: 3px; width: 30%; float: right;\" src=\"https:\/\/www.ziggyhorn.de\/wp-content\/uploads\/2023\/08\/KMMs-ZecheZollverein-19.08.23-004b.jpg\" alt=\"\" \/><\/a>Sa 19.08.2023\u00a0| Essen<\/h4>\n<p><span style=\"font-family: georgia, palatino, serif;\">\u00a0ZecheZollverein<br \/>\n<\/span>Gelsenkirchener Str 181<\/p>\n<p>45309 Essen<\/p>\n<p>100 Jahre\u00a0Phoenix Contact<br \/>\n\u2013 Feier der Firma mit den\u00a0H-Blockx\u00a0und\u00a0FANTA 4<\/p>\n<p>&nbsp;<\/p>\n<p>&nbsp;<\/p>\n<\/div>\n<div class=\"box\">\n<h4><img decoding=\"async\" style=\"margin-left: 10px; border: 1px solid #aaaaaa; padding: 3px; width: 30%; float: right;\" src=\"http:\/\/www.diekommitmanns.de\/soul_1\/data\/uploads\/news\/hansa-theater-logo.jpg\" alt=\"\" \/>Sa 09.09.2023 | Dortmund<\/h4>\n<p><strong>\u201e<a href=\"https:\/\/www.diekommitmanns.de\/joecockerstory\/\" target=\"_blank\" rel=\"noopener\"><em>Die Joe Cocker Story<\/em><\/a>\u201e<\/strong><br \/>\nDie Komm\u2019Mit Mann!s goes Theater<\/p>\n<p><a href=\"https:\/\/www.hansa-theater-hoerde.de\/event\/die-joe-cocker-story\/\" target=\"_blank\" rel=\"noopener\">Hansa-Theater-H\u00f6rde<\/a><br \/>\nEckardtstr. 4a, 44263 Dortmund, Tel: 0231-941474<\/p>\n<\/div>\n<div class=\"box\">\n<h4><img decoding=\"async\" style=\"margin-left: 10px; border: 1px solid #aaaaaa; padding: 3px; width: 20%; float: right;\" src=\"https:\/\/www.diekommitmanns.de\/soul3\/wp-content\/uploads\/2024\/10\/logo-2023.png\" alt=\"\" \/>Fr 20.10.2023 | Dresden<\/h4>\n<p><strong>\u201e<a href=\"http:\/\/www.die-joe-cocker-story.de\" target=\"_blank\" rel=\"noopener\"><em>Die Joe Cocker Story<\/em><\/a>\u201e<\/strong><br \/>\nDie Komm\u2019Mit Mann!s goes Theater<\/p>\n<p>Wo: Ostra-Studios, Zur Messe 9 A, 01067\u00a0Dresden<br \/>\nFreitag 20.10.2023 um 20:00 Uhr<\/p>\n<p>\u2192 <a href=\"https:\/\/www.jazztage-dresden.de\/de\/programm\/veranstaltung\/die_joe_cocker_story\/\" target=\"_blank\" rel=\"noopener\">23. Jazztage Dresden\u00a0<\/a>\u00a0 |\u00a0\u00a0? <a href=\"https:\/\/jazztage-dresden.reservix.de\/tickets-die-joe-cocker-story-in-dresden-ostra-studios-am-20-10-2023\/e2099552?fbclid=IwAR3MNQcuMkOWuEWwQMHkHWrh-zRr3zeeVWFvtUn7ZII38Zv3tMEoxaOXHdg\" target=\"_blank\" rel=\"noopener\">Tickets kaufen<\/a><\/p>\n<\/div>\n<div class=\"box\">\n<h4><img decoding=\"async\" style=\"margin-left: 10px; border: 1px solid #aaaaaa; padding: 3px; width: 30%; float: right;\" src=\"http:\/\/www.diekommitmanns.de\/soul_1\/data\/uploads\/news\/hansa-theater-logo.jpg\" alt=\"\" \/>Sa 04.11.2023 | Dortmund<\/h4>\n<p><strong>\u201e<a href=\"https:\/\/www.diekommitmanns.de\/joecockerstory\/\" target=\"_blank\" rel=\"noopener\"><em>Die Joe Cocker Story<\/em><\/a>\u201e<\/strong><br \/>\nDie Komm\u2019Mit Mann!s goes Theater<\/p>\n<p><span style=\"font-size: 16px;\"><strong>&#8230; f\u00e4llt aus gesundheitlichen Gr\u00fcnden leider aus!!!<\/strong><\/span><\/p>\n<p><a href=\"https:\/\/www.hansa-theater-hoerde.de\/event\/die-joe-cocker-story\/\" target=\"_blank\" rel=\"noopener\">Hansa-Theater-H\u00f6rde<\/a><br \/>\nEckardtstr. 4a, 44263 Dortmund, Tel: 0231-941474<\/p>\n<\/div>\n<div class=\"box\">\n<h4>So 17.12.2023\u00a0| Bochum<\/h4>\n<p><img decoding=\"async\" style=\"margin-left: 10px; border: 1px solid #d8e0f3; padding: 5px; float: right; height: 93px; width: 140px;\" src=\"http:\/\/www.diekommitmanns.de\/soul_1\/data\/uploads\/venues\/bahnhof_langendreer_800.jpg\" alt=\"\" \/><a href=\"http:\/\/bahnhof-langendreer.de\" target=\"_blank\" rel=\"noopener\">Bahnhof Langendreer<\/a><\/p>\n<p>&#8230; das traditionelle Konzert in Bochum<br \/>\nkurz vor Weihnachten!!<\/p>\n<p>\u2192 <a href=\"https:\/\/www.eventim-light.com\/de\/a\/55e80bb8e4b06c517708b040\/e\/64db34ccdaefbe1c2e9c00b2?lang=de\" target=\"_blank\" rel=\"noopener\">Ticket kaufen<\/a><\/p>\n<p>Wallbaumweg 108<br \/>\n44894 Bochum<br \/>\nTel 0234 \/ 687 16 10<\/p>\n<\/div>\n<div class=\"box\">\n<p style=\"text-align: center;\"><span style=\"font-size: 24pt;\">2024<\/span><\/p>\n<\/div>\n<div class=\"box\">\n<h4><img decoding=\"async\" style=\"margin-left: 10px; border: 1px solid #aaaaaa; padding: 3px; width: 30%; float: right;\" src=\"http:\/\/www.diekommitmanns.de\/soul_1\/data\/uploads\/news\/hansa-theater-logo.jpg\" alt=\"\" \/>Fr 12.01.2024\u00a0| Dortmund<\/h4>\n<p><strong>\u201e<a href=\"https:\/\/www.diekommitmanns.de\/joecockerstory\/\" target=\"_blank\" rel=\"noopener\"><em>Die Joe Cocker Story<\/em><\/a>\u201e<\/strong><br \/>\nDie Komm\u2019Mit Mann!s goes Theater<\/p>\n<p><a href=\"https:\/\/www.hansa-theater-hoerde.de\/event\/die-joe-cocker-story\/\" target=\"_blank\" rel=\"noopener\">Hansa-Theater-H\u00f6rde<\/a><br \/>\nEckardtstr. 4a, 44263 Dortmund, Tel: 0231-941474<\/p>\n<\/div>\n<div class=\"box\">\n<h4><img decoding=\"async\" style=\"margin-left: 10px; border: 1px solid #aaaaaa; padding: 3px; width: 30%; float: right;\" src=\"http:\/\/www.diekommitmanns.de\/soul_1\/data\/uploads\/news\/hansa-theater-logo.jpg\" alt=\"\" \/>Fr 23.02.2024\u00a0| Dortmund<\/h4>\n<p><strong>\u201e<a href=\"https:\/\/www.diekommitmanns.de\/joecockerstory\/\" target=\"_blank\" rel=\"noopener\"><em>Die Joe Cocker Story<\/em><\/a>\u201e<\/strong><br \/>\nDie Komm\u2019Mit Mann!s goes Theater<\/p>\n<p><a href=\"https:\/\/www.hansa-theater-hoerde.de\/event\/die-joe-cocker-story\/\" target=\"_blank\" rel=\"noopener\">Hansa-Theater-H\u00f6rde<\/a><br \/>\nEckardtstr. 4a, 44263 Dortmund, Tel: 0231-941474<\/p>\n<\/div>\n<div class=\"box\">\n<h4><img decoding=\"async\" style=\"margin-left: 10px; border: 1px solid #aaaaaa; padding: 3px; width: 30%; float: right;\" src=\"https:\/\/www.bahnhof-kettwig.de\/wp-content\/uploads\/2023\/05\/Blog_Bild-300x202.jpg\" alt=\"\" \/>Sa 13.04.2024\u00a0| Essen\/Kettwig<\/h4>\n<p><strong>\u201e<a href=\"http:\/\/die-joe-cocker-story.de\" target=\"_blank\" rel=\"noopener\"><em>Die Joe Cocker Story<\/em><\/a>\u201e<\/strong><br \/>\nDie Komm\u2019Mit Mann!s goes Theater<\/p>\n<p><a href=\"https:\/\/www.bahnhof-kettwig.de\/produkt\/die-joe-cocker-story\/\" target=\"_blank\" rel=\"noopener\">Alter Bahnhof Kettwig<\/a><br \/>\nRuhrtalstra\u00dfe 345, 45219 Essen-Kettwig<\/p>\n<p>\u2192 <a href=\"https:\/\/alter-bahnhof-kettwig.reservix.de\/tickets-die-joe-cocker-story-in-essen-alter-bahnhof-kettwig-am-13-4-2024\/e2171866\" target=\"_blank\" rel=\"noopener\">Tickets kaufen<\/a><\/p>\n<\/div>\n<div class=\"box\">\n<h4><img decoding=\"async\" style=\"margin-left: 10px; border: 1px solid #aaaaaa; padding: 3px; width: 30%; float: right;\" src=\"http:\/\/www.diekommitmanns.de\/soul_1\/data\/uploads\/news\/hansa-theater-logo.jpg\" alt=\"\" \/>Sa 04.05.2024\u00a0| Dortmund<\/h4>\n<p><strong>\u201e<a href=\"http:\/\/www.die-joe-cocker-story.de\" target=\"_blank\" rel=\"noopener\"><em>Die Joe Cocker Story<\/em><\/a>\u201e<\/strong><br \/>\nDie Komm\u2019Mit Mann!s goes Theater<\/p>\n<p><a href=\"https:\/\/www.hansa-theater-hoerde.de\/event\/die-joe-cocker-story\/\" target=\"_blank\" rel=\"noopener\">Hansa-Theater-H\u00f6rde<\/a><br \/>\nEckardtstr. 4a, 44263 Dortmund, Tel: 0231-941474<\/p>\n<\/div>\n<div class=\"box\">\n<h4><a id=\"fb\" href=\"https:\/\/www.diekommitmanns.de\/soul_1\/data\/uploads\/venues\/hombrucherkulturfr.jpg\" rel=\"fb\"><img decoding=\"async\" style=\"margin-left: 10px; border: 1px solid #aaa; padding: 3px; width: 30%; float: right;\" src=\"https:\/\/www.diekommitmanns.de\/soul_1\/data\/uploads\/venues\/hombrucherkulturfr.jpg\" alt=\"\" \/><\/a>Sa 08.06.2024\u00a0| DOrtmund<\/h4>\n<p><strong>3. Hombrucher Kulturfr\u00fchling<\/strong><br \/>\nMarktplatz Hombruch<\/p>\n<p><em>Stadtteilfests mit Bands, Stra\u00dfentheater, Open-Air-Galerie und Social Dancing!\u00a0<\/em><\/p>\n<p>Beginn: 20:00 Uhr<\/p>\n<p>\u2192 <a href=\"https:\/\/kulturwunder-puddelei.de\/\" target=\"_blank\" rel=\"noopener\">mehr Infos<\/a><\/p>\n<p>&nbsp;<\/p>\n<\/div>\n<div class=\"box\">\n<h4><a id=\"fb\" href=\"https:\/\/www.diekommitmanns.de\/soul_1\/data\/uploads\/venues\/hauswitten-innen.jpg\" rel=\"fb\"><img decoding=\"async\" style=\"margin-left: 10px; border: 1px solid #aaa; padding: 3px; width: 30%; float: right;\" src=\"https:\/\/www.diekommitmanns.de\/soul_1\/data\/uploads\/venues\/hauswitten-innen.jpg\" alt=\"\" \/><\/a>Sa 17.08.2024\u00a0| Witten<\/h4>\n<p><a href=\"https:\/\/www.kulturforum-witten.de\/saalbauhauswitten\/veranstaltungen\/\" target=\"_blank\" rel=\"noopener\">KulturForum, Haus Witten<\/a><\/p>\n<p>Ruhrstra\u00dfe 86<br \/>\n58452 Witten<\/p>\n<p>Beginn: 20:00 Uhr<\/p>\n<\/div>\n<div class=\"box\">\n<h4><img decoding=\"async\" style=\"margin-left: 10px; border: 1px solid #aaaaaa; padding: 3px; width: 30%; float: right;\" src=\"https:\/\/www.diekommitmanns.de\/soul_1\/data\/uploads\/cockershow-premiere-01.jpg\" alt=\"\" \/>Fr 25.10.2024\u00a0| Bernau\/Berlin<\/h4>\n<p><strong>&#8222;<a href=\"https:\/\/www.diekommitmanns.de\/joecockerstory\/\" target=\"_blank\" rel=\"noopener\"><em>Die Joe Cocker Story<\/em><\/a>&#8222;<\/strong><br \/>\nDie Komm&#8217;Mit Mann!s goes Theater<\/p>\n<p>Stadthalle am Bernauer Steintor<br \/>\nHussitenstra\u00dfe 1, 16321 Bernau bei Berlin<br \/>\nBeginn: 20:00 Uhr<br \/>\n\u2192 <a href=\"https:\/\/bernauer-kulturherbst.de\/\" target=\"_blank\" rel=\"noopener\">Homepage<\/a>\u00a0|\u00a0\u2192 <a href=\"https:\/\/www.public-tickets-shop.de\/produkte\/197-tickets-die-joe-cocker-story-stadthalle-am-bernauer-steintor-bernau-bei-berlin-am-25-10-2024\" target=\"_blank\" rel=\"noopener\">Tickets<\/a><\/p>\n<\/div>\n<div class=\"box\">\n<h4><img decoding=\"async\" style=\"margin-left: 10px; border: 1px solid #aaaaaa; padding: 3px; width: 30%; float: right;\" src=\"https:\/\/www.diekommitmanns.de\/soul_1\/data\/uploads\/cockershow-premiere-01.jpg\" alt=\"\" \/>Sa 26.10.2024\u00a0| Stassfurt<\/h4>\n<p><strong>&#8222;<a href=\"https:\/\/www.diekommitmanns.de\/joecockerstory\/\" target=\"_blank\" rel=\"noopener\"><em>Die Joe Cocker Story<\/em><\/a>&#8222;<\/strong><br \/>\nDie Komm&#8217;Mit Mann!s goes Theater<\/p>\n<p><a href=\"https:\/\/www.salzlandtheater.de\/\" target=\"_blank\" rel=\"noopener\">Salzlandtheater<\/a>, Tr\u00e4nental 6, 39418 Sta\u00dffurt<\/p>\n<p>Beginn: 19:30 Uhr<\/p>\n<\/div>\n<div class=\"box\">\n<h4><img decoding=\"async\" style=\"margin-left: 10px; border: 1px solid #aaaaaa; padding: 3px; width: 30%; float: right;\" src=\"https:\/\/www.diekommitmanns.de\/soul_1\/data\/uploads\/cockershow-premiere-01.jpg\" alt=\"\" \/>So 26.10.2024\u00a0| Zeven\/Bremen<\/h4>\n<p><strong>&#8222;<a href=\"https:\/\/www.diekommitmanns.de\/joecockerstory\/\" target=\"_blank\" rel=\"noopener\"><em>Die Joe Cocker Story<\/em><\/a>&#8222;<\/strong><br \/>\nDie Komm&#8217;Mit Mann!s goes Theater<\/p>\n<p><a href=\"https:\/\/www.eventim.de\/event\/die-joe-cocker-story-rathaussaal-zeven-19043097\/?srsltid=AfmBOoo88FzXqza3Pe8e93e1dU5xYPyXrNl0x4dnbIoQ9iuHGj1fiaOV\" target=\"_blank\" rel=\"noopener\">Rathaussaal Zeven<\/a> |<br \/>\nAm Markt 4 | 27404 ZEVEN<\/p>\n<p>Beginn: 17:00 Uhr<\/p>\n<\/div>\n<div class=\"box\">\n<h4><img decoding=\"async\" style=\"margin-left: 10px; border: 1px solid #aaaaaa; padding: 3px; width: 30%; float: right;\" src=\"https:\/\/www.diekommitmanns.de\/soul_1\/data\/uploads\/news\/hansa-theater-logo.jpg\" alt=\"\" \/>Fr 01.11.2024\u00a0| Dortmund<\/h4>\n<p><strong>&#8222;<a href=\"https:\/\/www.diekommitmanns.de\/joecockerstory\/\" target=\"_blank\" rel=\"noopener\"><em>Die Joe Cocker Story<\/em><\/a>&#8222;<\/strong><br \/>\nDie Komm&#8217;Mit Mann!s goes Theater<\/p>\n<p>\u2192\u00a0mehr auf der <a href=\"https:\/\/www.diekommitmanns.de\/joecockerstory\/index.php\" target=\"_blank\" rel=\"noopener\">Homepage<\/a><\/p>\n<p>Beginn: 19:30 Uhr<br \/>\n<a href=\"https:\/\/www.hansa-theater-hoerde.de\/event\/die-joe-cocker-story\/\" target=\"_blank\" rel=\"noopener\">Hansa-Theater-H\u00f6rde<\/a><br \/>\nEckardtstr. 4a, 44263 Dortmund, Tel: 0231-941474<\/p>\n<\/div>\n<div class=\"box\">\n<h4><img decoding=\"async\" style=\"margin-left: 10px; border: 1px solid #aaaaaa; padding: 3px; width: 30%; float: right;\" src=\"https:\/\/www.ziggyhorn.de\/wp-content\/uploads\/2021\/03\/amorbach-zehntscheuer.jpg\" alt=\"\" \/>Sa 09.11.2024\u00a0| Amorbach<\/h4>\n<h4><\/h4>\n<h4>Zehntscheuer &#8211; <span style=\"color: #ffd700;\"><strong>f\u00e4llt leider aus<\/strong><\/span><\/h4>\n<p>Kellereigasse 12<br \/>\n63916 Amorbach<\/p>\n<p>\u2192 <a href=\"https:\/\/www.zehntscheuer-amorbach.de\/veranstaltung\/die-kommmit-manns-deutschlands-soul-band-no-1\/\" target=\"_blank\" rel=\"noopener\">Homepage<\/a><\/p>\n<p>&nbsp;<\/p>\n<\/div>\n<div class=\"box\">\n<h4><img decoding=\"async\" style=\"margin-left: 10px; border: 1px solid #aaaaaa; padding: 3px; width: 30%; float: right;\" src=\"https:\/\/www.ziggyhorn.de\/wp-content\/uploads\/2024\/02\/Unna-Lindenbrauerei.jpg\" alt=\"\" \/>Fr 29.11.2024\u00a0| UNNA<\/h4>\n<h4>Unna \u2013\u00a0Lindenbrauerei<\/h4>\n<p>Rio Reiser Weg 1,<br \/>\n59423 Unna,<br \/>\n02303\/251120<\/p>\n<p><a href=\"https:\/\/lindenbrauerei.de\/events\/die-kommmit-manns#\" target=\"_blank\" rel=\"noopener\">Homepage Lindenbrauerei<\/a><\/p>\n<p>&nbsp;<\/p>\n<\/div>\n<div class=\"box\">\n<h4>So 22.12.2024\u00a0| Bochum<\/h4>\n<p><img decoding=\"async\" style=\"margin-left: 10px; border: 1px solid #d8e0f3; padding: 5px; float: right; width: 30%;\" src=\"http:\/\/www.diekommitmanns.de\/soul_1\/data\/uploads\/venues\/bahnhof_langendreer_800.jpg\" alt=\"\" \/><a href=\"http:\/\/bahnhof-langendreer.de\" target=\"_blank\" rel=\"noopener\">Bahnhof Langendreer<\/a><\/p>\n<p>&#8230; das traditionelle Konzert in Bochum<br \/>\nkurz vor Weihnachten!!<\/p>\n<p>\u2192 <a href=\"https:\/\/www.eventim-light.com\/de\/a\/55e80bb8e4b06c517708b040\/e\/669518f0b3475b1963c635f8?lang=de\" target=\"_blank\" rel=\"noopener\">Ticket kaufen<\/a><\/p>\n<p>Wallbaumweg 108<br \/>\n44894 Bochum<br \/>\nTel 0234 \/ 687 16 10<\/p>\n<\/div>\n<div class=\"box\">\n<p style=\"text-align: center;\"><span style=\"font-size: 24pt;\">2025<\/span><\/p>\n<\/div>\n<div class=\"box\">\n<h4><img decoding=\"async\" style=\"margin-left: 10px; border: 1px solid #aaaaaa; padding: 3px; width: 30%; float: right;\" src=\"https:\/\/www.diekommitmanns.de\/soul_1\/data\/uploads\/news\/hansa-theater-logo.jpg\" alt=\"\" \/>So 12.01.2025\u00a0| Dortmund<\/h4>\n<p><strong>&#8222;<a href=\"https:\/\/www.diekommitmanns.de\/joecockerstory\/\" target=\"_blank\" rel=\"noopener\"><em>Die Joe Cocker Story<\/em><\/a>&#8222;<\/strong><br \/>\nDie Komm&#8217;Mit Mann!s goes Theater<\/p>\n<p>\u2192\u00a0mehr auf der <a href=\"https:\/\/www.diekommitmanns.de\/joecockerstory\/index.php\" target=\"_blank\" rel=\"noopener\">Homepage<\/a><\/p>\n<p>Beginn: 17:00 Uhr<br \/>\n<a href=\"https:\/\/www.hansa-theater-hoerde.de\/event\/die-joe-cocker-story\/\" target=\"_blank\" rel=\"noopener\">Hansa-Theater-H\u00f6rde<\/a><br \/>\nEckardtstr. 4a, 44263 Dortmund, Tel: 0231-941474<\/p>\n<\/div>\n<div class=\"box\">\n<h4><img decoding=\"async\" style=\"margin-left: 10px; border: 1px solid #aaaaaa; padding: 3px; width: 30%; float: right;\" src=\"https:\/\/www.diekommitmanns.de\/soul_1\/data\/uploads\/cockershow-premiere-01.jpg\" alt=\"\" \/>Fr 24.01.2025\u00a0| Salzgitter<\/h4>\n<p><strong>&#8222;<a href=\"https:\/\/www.diekommitmanns.de\/joecockerstory\/\" target=\"_blank\" rel=\"noopener\"><em>Die Joe Cocker Story<\/em><\/a>&#8222;<\/strong><br \/>\nDie Komm&#8217;Mit Mann!s goes Theater<\/p>\n<p>\u2192\u00a0<a href=\"https:\/\/kleinkunstbuehne-salzgitter.de\/\" target=\"_blank\" rel=\"noopener\">Kniestedter Kirche in Salzgitter-Bad<\/a><\/p>\n<p>Braunschweigerstr. 133<br \/>\n38259 Salzgitter-Bad<\/p>\n<p>Beginn: 20:00 Uhr<\/p>\n<\/div>\n<div class=\"box\">\n<h4><img decoding=\"async\" style=\"margin-left: 10px; border: 1px solid #aaaaaa; padding: 3px; width: 30%; float: right;\" src=\"https:\/\/www.diekommitmanns.de\/soul_1\/data\/uploads\/news\/hansa-theater-logo.jpg\" alt=\"\" \/>Sa 01.03.2025\u00a0| Dortmund<\/h4>\n<p><strong>&#8222;<a href=\"https:\/\/www.diekommitmanns.de\/joecockerstory\/\" target=\"_blank\" rel=\"noopener\"><em>Die Joe Cocker Story<\/em><\/a>&#8222;<\/strong><br \/>\nDie Komm&#8217;Mit Mann!s goes Theater<\/p>\n<p>\u2192\u00a0mehr auf der <a href=\"https:\/\/www.diekommitmanns.de\/joecockerstory\/index.php\" target=\"_blank\" rel=\"noopener\">Homepage<\/a><\/p>\n<p>Beginn: 19:30 Uhr<br \/>\n<a href=\"https:\/\/www.hansa-theater-hoerde.de\/event\/die-joe-cocker-story\/\" target=\"_blank\" rel=\"noopener\">Hansa-Theater-H\u00f6rde<\/a><br \/>\nEckardtstr. 4a, 44263 Dortmund, Tel: 0231-941474<\/p>\n<\/div>\n<div class=\"box\">\n<h4><img decoding=\"async\" style=\"margin-left: 10px; border: 1px solid #aaaaaa; padding: 3px; width: 30%; float: right;\" src=\"https:\/\/www.diekommitmanns.de\/soul3\/wp-content\/uploads\/2025\/01\/dortbunt_roland_gorecki.jpg\" alt=\"\" \/>Sa 03.05.2025 | Dortmund<\/h4>\n<p>Stadtfest DORTBUNT, bunte Mischung aus kulturellen, kulinarischen und k\u00fcnstlerischen H\u00f6hepunkten<\/p>\n<p>\u2192\u00a0mehr auf der <a href=\"https:\/\/www.dortmund.de\/dortmund-erleben\/veranstaltungskalender\/termin_91193.html\" target=\"_blank\" rel=\"noopener\">Homepage<\/a><\/p>\n<p>Beginn: tba<\/p>\n<\/div>\n<div class=\"box\">\n<h4><img decoding=\"async\" style=\"margin-left: 10px; border: 1px solid #aaaaaa; padding: 3px; width: 30%; float: right;\" src=\"https:\/\/www.diekommitmanns.de\/soul_1\/data\/uploads\/news\/hansa-theater-logo.jpg\" alt=\"\" \/>Fr 20.06.2025\u00a0| Dortmund<\/h4>\n<p><strong>&#8222;<a href=\"https:\/\/www.diekommitmanns.de\/joecockerstory\/\" target=\"_blank\" rel=\"noopener\"><em>Die Joe Cocker Story<\/em><\/a>&#8222;<\/strong><br \/>\nDie Komm&#8217;Mit Mann!s goes Theater<\/p>\n<p>\u2192\u00a0mehr auf der <a href=\"https:\/\/www.diekommitmanns.de\/joecockerstory\/index.php\" target=\"_blank\" rel=\"noopener\">Homepage<\/a><\/p>\n<p>Beginn: 19:30 Uhr<br \/>\n<a href=\"https:\/\/www.hansa-theater-hoerde.de\/event\/die-joe-cocker-story\/\" target=\"_blank\" rel=\"noopener\">Hansa-Theater-H\u00f6rde<\/a><br \/>\nEckardtstr. 4a, 44263 Dortmund, Tel: 0231-941474<\/p>\n<\/div>\n<div class=\"box\">\n<h4><img decoding=\"async\" style=\"margin-left: 10px; border: 1px solid #aaaaaa; padding: 3px; width: 30%; float: right;\" src=\"https:\/\/www.ziggyhorn.de\/wp-content\/uploads\/2021\/03\/kmms-rietberg.jpg\" alt=\"\" \/>Sa 12.07.2025 | Rheda-Wiedenbr\u00fcck<\/h4>\n<p>Rathausplatz<br \/>\nEintritt frei<\/p>\n<p>\u2192\u00a0<a href=\"https:\/\/www.rheda-wiedenbrueck.de\/kunst-kultur\/flora-westfalica\/veranstaltungen\/open-air-feste\/\" target=\"_blank\" rel=\"noopener\">Flora in Concert Open Air<\/a><\/p>\n<p>Beginn: 20:00 Uhr<\/p>\n<\/div>\n<div class=\"box\">\n<h4><a id=\"fb\" href=\"#\" rel=\"fb\"><img decoding=\"async\" style=\"margin-left: 10px; border: 1px solid #aaaaaa; padding: 3px; width: 30%; float: right;\" src=\"https:\/\/www.ziggyhorn.de\/wp-content\/uploads\/2023\/11\/GenussPurIserlohn.jpg\" alt=\"\" \/><\/a>So 17.08.2025 | Iserlohn<\/h4>\n<p>\u2192 Iserlohner Sommern\u00e4chte<br \/>\nGenuss Pur.\u00a0Iserlohn kulinarisch<\/p>\n<p>Fritz-K\u00fchn-Platz<br \/>\nIserlohn<br \/>\nUhrzeit tba<\/p>\n<p>&nbsp;<\/p>\n<p>&nbsp;<\/p>\n<\/div>\n<div class=\"box\">\n<h4><a id=\"fb\" href=\"https:\/\/www.diekommitmanns.de\/soul_1\/data\/uploads\/venues\/hauswitten-innen.jpg\" rel=\"fb\"><img decoding=\"async\" style=\"margin-left: 10px; border: 1px solid #aaa; padding: 3px; width: 30%; float: right;\" src=\"https:\/\/www.diekommitmanns.de\/soul_1\/data\/uploads\/venues\/hauswitten-innen.jpg\" alt=\"\" \/><\/a>Sa 23.08.2025 | Witten<\/h4>\n<p><a href=\"https:\/\/www.kulturforum-witten.de\/saalbauhauswitten\/veranstaltungen\/\" target=\"_blank\" rel=\"noopener\">KulturForum, Haus Witten<\/a><\/p>\n<p>Ruhrstra\u00dfe 86<br \/>\n58452 Witten<\/p>\n<p>Beginn: 20:00 Uhr<\/p>\n<\/div>\n<div class=\"box\">\n<h4><img decoding=\"async\" style=\"margin-left: 10px; border: 1px solid #aaaaaa; padding: 3px; width: 30%; float: right;\" src=\"https:\/\/www.diekommitmanns.de\/soul_1\/data\/uploads\/news\/hansa-theater-logo.jpg\" alt=\"\" \/>Fr 19.09.2025 | Dortmund<\/h4>\n<p><strong>&#8222;<a href=\"https:\/\/www.diekommitmanns.de\/joecockerstory\/\" target=\"_blank\" rel=\"noopener\"><em>Die Joe Cocker Story<\/em><\/a>&#8222;<\/strong><br \/>\nDie Komm&#8217;Mit Mann!s goes Theater<\/p>\n<p>\u2192\u00a0mehr auf der <a href=\"https:\/\/www.diekommitmanns.de\/joecockerstory\/index.php\" target=\"_blank\" rel=\"noopener\">Homepage<\/a><\/p>\n<p>Beginn: 19:30 Uhr<br \/>\n<a href=\"https:\/\/www.hansa-theater-hoerde.de\/event\/die-joe-cocker-story\/\" target=\"_blank\" rel=\"noopener\">Hansa-Theater-H\u00f6rde<\/a><br \/>\nEckardtstr. 4a, 44263 Dortmund, Tel: 0231-941474<\/p>\n<\/div>\n<div class=\"box\">\n<h4>So 21.12.2025 | Bochum<\/h4>\n<p><img decoding=\"async\" style=\"margin-left: 10px; border: 1px solid #d8e0f3; padding: 5px; float: right; width: 30%;\" src=\"http:\/\/www.diekommitmanns.de\/soul_1\/data\/uploads\/venues\/bahnhof_langendreer_800.jpg\" alt=\"\" \/><a href=\"http:\/\/bahnhof-langendreer.de\" target=\"_blank\" rel=\"noopener\">Bahnhof Langendreer<\/a><\/p>\n<p>&#8230; das traditionelle Konzert in Bochum<br \/>\nkurz vor Weihnachten!!<\/p>\n<p>\u2192 <a href=\"https:\/\/www.eventim-light.com\/de\/a\/55e80bb8e4b06c517708b040\/e\/685001bc89e37a0640641e32\" target=\"_blank\" rel=\"noopener\">Ticket kaufen<\/a><\/p>\n<p>Wallbaumweg 108<br \/>\n44894 Bochum<br \/>\nTel 0234 \/ 687 16 10<\/p>\n<\/div>\n","protected":false},"excerpt":{"rendered":"<p>So 30.10.2016 | Frankfurt S\u00fcdbahnhof\u00a0 Hedderichstrasse 51, Frankfurt am Main 12:00 Uhr bis 15:30 Uhr, ? Tickets So 18.12.2016 | Bochum Bahnhof Langendreer &#8230; das traditionelle Konzert in Bochum kurz vor Weihnachten!! Wallbaumweg 108 44894 Bochum Tel 0234 \/ 687 16 10 Sa 24.12.2016 | M\u00fcnster Jovel Music Hall 48155 M\u00fcnster, Albersloher Weg 54 ab <a href=\"https:\/\/www.diekommitmanns.de\/soul3\/tour-archiv\/\" class=\"more-link\">&#8230;<span class=\"screen-reader-text\">  Tour Archiv<\/span><\/a><\/p>\n","protected":false},"author":1,"featured_media":0,"parent":0,"menu_order":0,"comment_status":"closed","ping_status":"closed","template":"templates\/sidebar-right.php","meta":{"footnotes":""},"class_list":["post-23","page","type-page","status-publish","hentry"],"_links":{"self":[{"href":"https:\/\/www.diekommitmanns.de\/soul3\/wp-json\/wp\/v2\/pages\/23","targetHints":{"allow":["GET"]}}],"collection":[{"href":"https:\/\/www.diekommitmanns.de\/soul3\/wp-json\/wp\/v2\/pages"}],"about":[{"href":"https:\/\/www.diekommitmanns.de\/soul3\/wp-json\/wp\/v2\/types\/page"}],"author":[{"embeddable":true,"href":"https:\/\/www.diekommitmanns.de\/soul3\/wp-json\/wp\/v2\/users\/1"}],"replies":[{"embeddable":true,"href":"https:\/\/www.diekommitmanns.de\/soul3\/wp-json\/wp\/v2\/comments?post=23"}],"version-history":[{"count":15,"href":"https:\/\/www.diekommitmanns.de\/soul3\/wp-json\/wp\/v2\/pages\/23\/revisions"}],"predecessor-version":[{"id":425,"href":"https:\/\/www.diekommitmanns.de\/soul3\/wp-json\/wp\/v2\/pages\/23\/revisions\/425"}],"wp:attachment":[{"href":"https:\/\/www.diekommitmanns.de\/soul3\/wp-json\/wp\/v2\/media?parent=23"}],"curies":[{"name":"wp","href":"https:\/\/api.w.org\/{rel}","templated":true}]}}